{"id":2855,"date":"2022-03-15T11:47:08","date_gmt":"2022-03-15T10:47:08","guid":{"rendered":"https:\/\/grupo-organistrum.com\/equipo\/jose-antonio-cantal-marino\/"},"modified":"2022-06-16T13:00:36","modified_gmt":"2022-06-16T11:00:36","slug":"jose-antonio-cantal-marino","status":"publish","type":"equipo","link":"https:\/\/grupo-organistrum.com\/gl\/equipo\/jose-antonio-cantal-marino\/","title":{"rendered":"Jos\u00e9 Antonio Cantal Mari\u00f1o"},"content":{"rendered":"<p align=\"justify\"><span style=\"color: #000000;\">Catedr\u00e1tico de Composici\u00f3n do Conservatorio Superior de M\u00fasica de Vigo. Titulado Superior en m\u00fasica nas especialidades de Composici\u00f3n e Piano e Doutor pola Universidade de Vigo. Formou parte do I+D+I:   <\/span><span style=\"color: #000000;\"><i>Fondos documentais de m\u00fasica nos arquivos civ\u00eds de Galicia (1875-1951): Cidades do Eixo Atl\u00e1ntico<\/i><\/span><span style=\"color: #000000;\"> (Referencia HAR: 2015-64024-R). Parte do seu traballo como investigador ten sido centrado nos concertos did\u00e1cticos e as s\u00faas posibilidades na formaci\u00f3n competencial e de elementos transversais do alumnado. O froito deste labor cristalizou en diversas propostas compositivas, tanto para banda como para orquestra, con este fin. Foi profesor titular da    <\/span><span style=\"color: #000000;\"><i>European Academy for Wind Band<\/i><\/span> <span style=\"color: #000000;\">(2015-2017) de Fornos de Algodres (Portugal) e, desde o curso 17-18, da<\/span> <span style=\"color: #000000;\"><i>Escola Galega de Direcci\u00f3n de Banda<\/i><\/span> <span style=\"color: #000000;\">de Xinzo de Limia (Ourense). Es miembro del Comit\u00e9 Cient\u00edfico de la revista  <\/span><span style=\"color: #000000;\"><i>Estudios Band\u00edsticos<\/i><\/span><span style=\"color: #000000;\"> da Asociaci\u00f3n Nacional de Directores de Banda. O seu traballo de doutoramento afonda no legado musical e intelectual de Antonio Iglesias Vilarelle. \u00c9 autor da edici\u00f3n, revisi\u00f3n e estudo da obra   <\/span><span style=\"color: #000000;\"><i>Chucurruch\u00fa<\/i><\/span><span style=\"color: #000000;\"> do citado compositor, interpretada <\/span><span style=\"color: #000000;\"><span lang=\"gl-ES\">pola Real Filharmon\u00eda de Galicia <\/span><\/span><span style=\"color: #000000;\">co motivo do concerto Institucional do <\/span><span style=\"color: #000000;\"><i>D\u00eda das Letras Galegas<\/i><\/span><span style=\"color: #000000;\"> dedicado a Xos\u00e9 Filgueira Valverde no ano 2015. Entre os seus \u00faltimos estudos est\u00e1 a transcrici\u00f3n e revisi\u00f3n de d\u00faas canci\u00f3ns de Carlos L\u00f3pez Garc\u00eda-Picos e do poema sinf\u00f3nico  <\/span><span style=\"color: #000000;\"><i>Ala! Ala-arriba! <\/i><\/span><span style=\"color: #000000;\"> de Alberto Ant\u00f3nio Gomes.<\/span><\/p>\n","protected":false},"featured_media":7956,"menu_order":0,"template":"","meta":{"_acf_changed":false},"categoria-equipo":[138],"class_list":["post-2855","equipo","type-equipo","status-publish","has-post-thumbnail","hentry"],"acf":[],"yoast_head":"<!-- This site is optimized with the Yoast SEO plugin v25.2 - https:\/\/yoast.com\/wordpress\/plugins\/seo\/ -->\n<title>Jos\u00e9 Antonio Cantal Mari\u00f1o - Organistrum<\/title>\n<meta name=\"robots\" content=\"index, follow, max-snippet:-1, max-image-preview:large, max-video-preview:-1\" \/>\n<link rel=\"canonical\" href=\"https:\/\/grupo-organistrum.com\/gl\/equipo\/jose-antonio-cantal-marino\/\" \/>\n<meta property=\"og:locale\" content=\"gl_ES\" \/>\n<meta property=\"og:type\" content=\"article\" \/>\n<meta property=\"og:title\" content=\"Jos\u00e9 Antonio Cantal Mari\u00f1o - Organistrum\" \/>\n<meta property=\"og:description\" content=\"Catedr\u00e1tico de Composici\u00f3n do Conservatorio Superior de M\u00fasica de Vigo. Titulado Superior en m\u00fasica nas especialidades de Composici\u00f3n e Piano e Doutor pola Universidade de Vigo. Formou parte do I+D+I: Fondos documentais de m\u00fasica nos arquivos civ\u00eds de Galicia (1875-1951): Cidades do Eixo Atl\u00e1ntico (Referencia HAR: 2015-64024-R). Parte do seu traballo como investigador ten sido ... Ler m\u00e1is\" \/>\n<meta property=\"og:url\" content=\"https:\/\/grupo-organistrum.com\/gl\/equipo\/jose-antonio-cantal-marino\/\" \/>\n<meta property=\"og:site_name\" content=\"Organistrum\" \/>\n<meta property=\"article:modified_time\" content=\"2022-06-16T11:00:36+00:00\" \/>\n<meta property=\"og:image\" content=\"https:\/\/grupo-organistrum.com\/wp-content\/uploads\/2022\/02\/Toni-Cantal-e1655377165940.jpg\" \/>\n\t<meta property=\"og:image:width\" content=\"768\" \/>\n\t<meta property=\"og:image:height\" content=\"1024\" \/>\n\t<meta property=\"og:image:type\" content=\"image\/jpeg\" \/>\n<meta name=\"twitter:card\" content=\"summary_large_image\" \/>\n<meta name=\"twitter:label1\" content=\"Tempo de lectura\" \/>\n\t<meta name=\"twitter:data1\" content=\"1 minuto\" \/>\n<script type=\"application\/ld+json\" class=\"yoast-schema-graph\">{\"@context\":\"https:\/\/schema.org\",\"@graph\":[{\"@type\":\"WebPage\",\"@id\":\"https:\/\/grupo-organistrum.com\/gl\/equipo\/jose-antonio-cantal-marino\/\",\"url\":\"https:\/\/grupo-organistrum.com\/gl\/equipo\/jose-antonio-cantal-marino\/\",\"name\":\"Jos\u00e9 Antonio Cantal Mari\u00f1o - Organistrum\",\"isPartOf\":{\"@id\":\"https:\/\/grupo-organistrum.com\/gl\/#website\"},\"primaryImageOfPage\":{\"@id\":\"https:\/\/grupo-organistrum.com\/gl\/equipo\/jose-antonio-cantal-marino\/#primaryimage\"},\"image\":{\"@id\":\"https:\/\/grupo-organistrum.com\/gl\/equipo\/jose-antonio-cantal-marino\/#primaryimage\"},\"thumbnailUrl\":\"https:\/\/grupo-organistrum.com\/wp-content\/uploads\/2022\/02\/Toni-Cantal-e1655377165940.jpg\",\"datePublished\":\"2022-03-15T10:47:08+00:00\",\"dateModified\":\"2022-06-16T11:00:36+00:00\",\"breadcrumb\":{\"@id\":\"https:\/\/grupo-organistrum.com\/gl\/equipo\/jose-antonio-cantal-marino\/#breadcrumb\"},\"inLanguage\":\"gl-ES\",\"potentialAction\":[{\"@type\":\"ReadAction\",\"target\":[\"https:\/\/grupo-organistrum.com\/gl\/equipo\/jose-antonio-cantal-marino\/\"]}]},{\"@type\":\"ImageObject\",\"inLanguage\":\"gl-ES\",\"@id\":\"https:\/\/grupo-organistrum.com\/gl\/equipo\/jose-antonio-cantal-marino\/#primaryimage\",\"url\":\"https:\/\/grupo-organistrum.com\/wp-content\/uploads\/2022\/02\/Toni-Cantal-e1655377165940.jpg\",\"contentUrl\":\"https:\/\/grupo-organistrum.com\/wp-content\/uploads\/2022\/02\/Toni-Cantal-e1655377165940.jpg\",\"width\":768,\"height\":1024},{\"@type\":\"BreadcrumbList\",\"@id\":\"https:\/\/grupo-organistrum.com\/gl\/equipo\/jose-antonio-cantal-marino\/#breadcrumb\",\"itemListElement\":[{\"@type\":\"ListItem\",\"position\":1,\"name\":\"Portada\",\"item\":\"https:\/\/grupo-organistrum.com\/gl\/\"},{\"@type\":\"ListItem\",\"position\":2,\"name\":\"Jos\u00e9 Antonio Cantal Mari\u00f1o\"}]},{\"@type\":\"WebSite\",\"@id\":\"https:\/\/grupo-organistrum.com\/gl\/#website\",\"url\":\"https:\/\/grupo-organistrum.com\/gl\/\",\"name\":\"Organistrum\",\"description\":\"Grupo de Investigaci\u00f3n\",\"publisher\":{\"@id\":\"https:\/\/grupo-organistrum.com\/gl\/#organization\"},\"potentialAction\":[{\"@type\":\"SearchAction\",\"target\":{\"@type\":\"EntryPoint\",\"urlTemplate\":\"https:\/\/grupo-organistrum.com\/gl\/?s={search_term_string}\"},\"query-input\":{\"@type\":\"PropertyValueSpecification\",\"valueRequired\":true,\"valueName\":\"search_term_string\"}}],\"inLanguage\":\"gl-ES\"},{\"@type\":\"Organization\",\"@id\":\"https:\/\/grupo-organistrum.com\/gl\/#organization\",\"name\":\"Grupo Organistrum | Grupo de investigaci\u00f3n | GI-2025\",\"url\":\"https:\/\/grupo-organistrum.com\/gl\/\",\"logo\":{\"@type\":\"ImageObject\",\"inLanguage\":\"gl-ES\",\"@id\":\"https:\/\/grupo-organistrum.com\/gl\/#\/schema\/logo\/image\/\",\"url\":\"https:\/\/grupo-organistrum.com\/wp-content\/uploads\/2022\/02\/logo.png\",\"contentUrl\":\"https:\/\/grupo-organistrum.com\/wp-content\/uploads\/2022\/02\/logo.png\",\"width\":464,\"height\":103,\"caption\":\"Grupo Organistrum | Grupo de investigaci\u00f3n | GI-2025\"},\"image\":{\"@id\":\"https:\/\/grupo-organistrum.com\/gl\/#\/schema\/logo\/image\/\"}}]}<\/script>\n<!-- \/ Yoast SEO plugin. -->","yoast_head_json":{"title":"Jos\u00e9 Antonio Cantal Mari\u00f1o - Organistrum","robots":{"index":"index","follow":"follow","max-snippet":"max-snippet:-1","max-image-preview":"max-image-preview:large","max-video-preview":"max-video-preview:-1"},"canonical":"https:\/\/grupo-organistrum.com\/gl\/equipo\/jose-antonio-cantal-marino\/","og_locale":"gl_ES","og_type":"article","og_title":"Jos\u00e9 Antonio Cantal Mari\u00f1o - Organistrum","og_description":"Catedr\u00e1tico de Composici\u00f3n do Conservatorio Superior de M\u00fasica de Vigo. Titulado Superior en m\u00fasica nas especialidades de Composici\u00f3n e Piano e Doutor pola Universidade de Vigo. Formou parte do I+D+I: Fondos documentais de m\u00fasica nos arquivos civ\u00eds de Galicia (1875-1951): Cidades do Eixo Atl\u00e1ntico (Referencia HAR: 2015-64024-R). Parte do seu traballo como investigador ten sido ... Ler m\u00e1is","og_url":"https:\/\/grupo-organistrum.com\/gl\/equipo\/jose-antonio-cantal-marino\/","og_site_name":"Organistrum","article_modified_time":"2022-06-16T11:00:36+00:00","og_image":[{"width":768,"height":1024,"url":"https:\/\/grupo-organistrum.com\/wp-content\/uploads\/2022\/02\/Toni-Cantal-e1655377165940.jpg","type":"image\/jpeg"}],"twitter_card":"summary_large_image","twitter_misc":{"Tempo de lectura":"1 minuto"},"schema":{"@context":"https:\/\/schema.org","@graph":[{"@type":"WebPage","@id":"https:\/\/grupo-organistrum.com\/gl\/equipo\/jose-antonio-cantal-marino\/","url":"https:\/\/grupo-organistrum.com\/gl\/equipo\/jose-antonio-cantal-marino\/","name":"Jos\u00e9 Antonio Cantal Mari\u00f1o - Organistrum","isPartOf":{"@id":"https:\/\/grupo-organistrum.com\/gl\/#website"},"primaryImageOfPage":{"@id":"https:\/\/grupo-organistrum.com\/gl\/equipo\/jose-antonio-cantal-marino\/#primaryimage"},"image":{"@id":"https:\/\/grupo-organistrum.com\/gl\/equipo\/jose-antonio-cantal-marino\/#primaryimage"},"thumbnailUrl":"https:\/\/grupo-organistrum.com\/wp-content\/uploads\/2022\/02\/Toni-Cantal-e1655377165940.jpg","datePublished":"2022-03-15T10:47:08+00:00","dateModified":"2022-06-16T11:00:36+00:00","breadcrumb":{"@id":"https:\/\/grupo-organistrum.com\/gl\/equipo\/jose-antonio-cantal-marino\/#breadcrumb"},"inLanguage":"gl-ES","potentialAction":[{"@type":"ReadAction","target":["https:\/\/grupo-organistrum.com\/gl\/equipo\/jose-antonio-cantal-marino\/"]}]},{"@type":"ImageObject","inLanguage":"gl-ES","@id":"https:\/\/grupo-organistrum.com\/gl\/equipo\/jose-antonio-cantal-marino\/#primaryimage","url":"https:\/\/grupo-organistrum.com\/wp-content\/uploads\/2022\/02\/Toni-Cantal-e1655377165940.jpg","contentUrl":"https:\/\/grupo-organistrum.com\/wp-content\/uploads\/2022\/02\/Toni-Cantal-e1655377165940.jpg","width":768,"height":1024},{"@type":"BreadcrumbList","@id":"https:\/\/grupo-organistrum.com\/gl\/equipo\/jose-antonio-cantal-marino\/#breadcrumb","itemListElement":[{"@type":"ListItem","position":1,"name":"Portada","item":"https:\/\/grupo-organistrum.com\/gl\/"},{"@type":"ListItem","position":2,"name":"Jos\u00e9 Antonio Cantal Mari\u00f1o"}]},{"@type":"WebSite","@id":"https:\/\/grupo-organistrum.com\/gl\/#website","url":"https:\/\/grupo-organistrum.com\/gl\/","name":"Organistrum","description":"Grupo de Investigaci\u00f3n","publisher":{"@id":"https:\/\/grupo-organistrum.com\/gl\/#organization"},"potentialAction":[{"@type":"SearchAction","target":{"@type":"EntryPoint","urlTemplate":"https:\/\/grupo-organistrum.com\/gl\/?s={search_term_string}"},"query-input":{"@type":"PropertyValueSpecification","valueRequired":true,"valueName":"search_term_string"}}],"inLanguage":"gl-ES"},{"@type":"Organization","@id":"https:\/\/grupo-organistrum.com\/gl\/#organization","name":"Grupo Organistrum | Grupo de investigaci\u00f3n | GI-2025","url":"https:\/\/grupo-organistrum.com\/gl\/","logo":{"@type":"ImageObject","inLanguage":"gl-ES","@id":"https:\/\/grupo-organistrum.com\/gl\/#\/schema\/logo\/image\/","url":"https:\/\/grupo-organistrum.com\/wp-content\/uploads\/2022\/02\/logo.png","contentUrl":"https:\/\/grupo-organistrum.com\/wp-content\/uploads\/2022\/02\/logo.png","width":464,"height":103,"caption":"Grupo Organistrum | Grupo de investigaci\u00f3n | GI-2025"},"image":{"@id":"https:\/\/grupo-organistrum.com\/gl\/#\/schema\/logo\/image\/"}}]}},"_links":{"self":[{"href":"https:\/\/grupo-organistrum.com\/gl\/wp-json\/wp\/v2\/equipo\/2855","targetHints":{"allow":["GET"]}}],"collection":[{"href":"https:\/\/grupo-organistrum.com\/gl\/wp-json\/wp\/v2\/equipo"}],"about":[{"href":"https:\/\/grupo-organistrum.com\/gl\/wp-json\/wp\/v2\/types\/equipo"}],"wp:featuredmedia":[{"embeddable":true,"href":"https:\/\/grupo-organistrum.com\/gl\/wp-json\/wp\/v2\/media\/7956"}],"wp:attachment":[{"href":"https:\/\/grupo-organistrum.com\/gl\/wp-json\/wp\/v2\/media?parent=2855"}],"wp:term":[{"taxonomy":"categoria-equipo","embeddable":true,"href":"https:\/\/grupo-organistrum.com\/gl\/wp-json\/wp\/v2\/categoria-equipo?post=2855"}],"curies":[{"name":"wp","href":"https:\/\/api.w.org\/{rel}","templated":true}]}}