{"id":3643,"date":"2022-02-15T11:09:24","date_gmt":"2022-02-15T10:09:24","guid":{"rendered":"https:\/\/grupo-organistrum.com\/equipo\/eloy-carrera-bernandez\/"},"modified":"2022-04-11T16:12:41","modified_gmt":"2022-04-11T14:12:41","slug":"eloy-carrera-bernandez","status":"publish","type":"equipo","link":"https:\/\/grupo-organistrum.com\/gl\/equipo\/eloy-carrera-bernandez\/","title":{"rendered":"Eloy Carrera Bern\u00e1ndez"},"content":{"rendered":"<p>Nado en Tui no ano 1992, onde comeza os seus estudos musicais aos 11 anos na Escola Municipal de M\u00fasica de Tui da man de Adolfo Besada \u00c1lvarez e Daniel Gregores. Aos 12 anos ingresa na Banda de M\u00fasica Popular de Tui, onde foi tromb\u00f3n solista da devandita agrupaci\u00f3n.<\/p>\n<p>No 2007 accede ao Conservatorio Profesional de M\u00fasica de Tui, obtendo T\u00edtulo de Grao Profesional na especialidade de Tromb\u00f3n en 2013.<\/p>\n<p>Ao mesmo tempo compaxina os seus estudos musicais realizando os ciclos de T\u00e9cnico en xesti\u00f3n administrativa e T\u00e9cnico en instalaci\u00f3ns de Telecomunicaci\u00f3ns.<\/p>\n<p>Rematado o Grao Profesional, comenza os estudos superiores no Conservatorio Superior de M\u00fasica de Vigo cos profesores Jes\u00fas Vicente Monz\u00f3 e Jos\u00e9 Pons Boils, as\u00ed como a especialidade de Tuba no Conservatorio de Tui.<\/p>\n<p>Continuando os seus estudos, realiza M\u00e1ster en Xesti\u00f3n Cultural na UOC e no ano seguinte, o M\u00e1ster de profesorado de secundaria obrigatoria na especialidade de m\u00fasica, as\u00ed como membro activo da Escola Galega de Direcci\u00f3n.<\/p>\n<p>Actualmente imparte clases na Escola de M\u00fasica de Chapela, Escola da Banda de M\u00fasica Popular de Tui, na que \u00e9 director do centro; na Escola da Associa\u00e7\u00e3o Musical de S. Pedro da Torre, as\u00ed como director da Banda de M\u00fasica Popular de Tui e Associa\u00e7\u00e3o Musical de S. Pedro da Torre. Por outra parte, realiza substituci\u00f3ns en centros de educaci\u00f3n secundaria como o Maestro Divino de Ourense.<\/p>\n","protected":false},"featured_media":3642,"menu_order":4,"template":"","meta":{"_acf_changed":false},"categoria-equipo":[133],"class_list":["post-3643","equipo","type-equipo","status-publish","has-post-thumbnail","hentry"],"acf":[],"yoast_head":"<!-- This site is optimized with the Yoast SEO plugin v25.2 - https:\/\/yoast.com\/wordpress\/plugins\/seo\/ -->\n<title>Eloy Carrera Bern\u00e1ndez - Organistrum<\/title>\n<meta name=\"robots\" content=\"index, follow, max-snippet:-1, max-image-preview:large, max-video-preview:-1\" \/>\n<link rel=\"canonical\" href=\"https:\/\/grupo-organistrum.com\/gl\/equipo\/eloy-carrera-bernandez\/\" \/>\n<meta property=\"og:locale\" content=\"gl_ES\" \/>\n<meta property=\"og:type\" content=\"article\" \/>\n<meta property=\"og:title\" content=\"Eloy Carrera Bern\u00e1ndez - Organistrum\" \/>\n<meta property=\"og:description\" content=\"Nado en Tui no ano 1992, onde comeza os seus estudos musicais aos 11 anos na Escola Municipal de M\u00fasica de Tui da man de Adolfo Besada \u00c1lvarez e Daniel Gregores. Aos 12 anos ingresa na Banda de M\u00fasica Popular de Tui, onde foi tromb\u00f3n solista da devandita agrupaci\u00f3n. No 2007 accede ao Conservatorio Profesional ... Ler m\u00e1is\" \/>\n<meta property=\"og:url\" content=\"https:\/\/grupo-organistrum.com\/gl\/equipo\/eloy-carrera-bernandez\/\" \/>\n<meta property=\"og:site_name\" content=\"Organistrum\" \/>\n<meta property=\"article:modified_time\" content=\"2022-04-11T14:12:41+00:00\" \/>\n<meta property=\"og:image\" content=\"https:\/\/grupo-organistrum.com\/wp-content\/uploads\/2022\/04\/Foto-curriculum-modifica.jpg\" \/>\n\t<meta property=\"og:image:width\" content=\"819\" \/>\n\t<meta property=\"og:image:height\" content=\"707\" \/>\n\t<meta property=\"og:image:type\" content=\"image\/jpeg\" \/>\n<meta name=\"twitter:card\" content=\"summary_large_image\" \/>\n<meta name=\"twitter:label1\" content=\"Tempo de lectura\" \/>\n\t<meta name=\"twitter:data1\" content=\"1 minuto\" \/>\n<script type=\"application\/ld+json\" class=\"yoast-schema-graph\">{\"@context\":\"https:\/\/schema.org\",\"@graph\":[{\"@type\":\"WebPage\",\"@id\":\"https:\/\/grupo-organistrum.com\/gl\/equipo\/eloy-carrera-bernandez\/\",\"url\":\"https:\/\/grupo-organistrum.com\/gl\/equipo\/eloy-carrera-bernandez\/\",\"name\":\"Eloy Carrera Bern\u00e1ndez - Organistrum\",\"isPartOf\":{\"@id\":\"https:\/\/grupo-organistrum.com\/gl\/#website\"},\"primaryImageOfPage\":{\"@id\":\"https:\/\/grupo-organistrum.com\/gl\/equipo\/eloy-carrera-bernandez\/#primaryimage\"},\"image\":{\"@id\":\"https:\/\/grupo-organistrum.com\/gl\/equipo\/eloy-carrera-bernandez\/#primaryimage\"},\"thumbnailUrl\":\"https:\/\/grupo-organistrum.com\/wp-content\/uploads\/2022\/04\/Foto-curriculum-modifica.jpg\",\"datePublished\":\"2022-02-15T10:09:24+00:00\",\"dateModified\":\"2022-04-11T14:12:41+00:00\",\"breadcrumb\":{\"@id\":\"https:\/\/grupo-organistrum.com\/gl\/equipo\/eloy-carrera-bernandez\/#breadcrumb\"},\"inLanguage\":\"gl-ES\",\"potentialAction\":[{\"@type\":\"ReadAction\",\"target\":[\"https:\/\/grupo-organistrum.com\/gl\/equipo\/eloy-carrera-bernandez\/\"]}]},{\"@type\":\"ImageObject\",\"inLanguage\":\"gl-ES\",\"@id\":\"https:\/\/grupo-organistrum.com\/gl\/equipo\/eloy-carrera-bernandez\/#primaryimage\",\"url\":\"https:\/\/grupo-organistrum.com\/wp-content\/uploads\/2022\/04\/Foto-curriculum-modifica.jpg\",\"contentUrl\":\"https:\/\/grupo-organistrum.com\/wp-content\/uploads\/2022\/04\/Foto-curriculum-modifica.jpg\",\"width\":819,\"height\":707},{\"@type\":\"BreadcrumbList\",\"@id\":\"https:\/\/grupo-organistrum.com\/gl\/equipo\/eloy-carrera-bernandez\/#breadcrumb\",\"itemListElement\":[{\"@type\":\"ListItem\",\"position\":1,\"name\":\"Portada\",\"item\":\"https:\/\/grupo-organistrum.com\/gl\/\"},{\"@type\":\"ListItem\",\"position\":2,\"name\":\"Eloy Carrera Bern\u00e1ndez\"}]},{\"@type\":\"WebSite\",\"@id\":\"https:\/\/grupo-organistrum.com\/gl\/#website\",\"url\":\"https:\/\/grupo-organistrum.com\/gl\/\",\"name\":\"Organistrum\",\"description\":\"Grupo de Investigaci\u00f3n\",\"publisher\":{\"@id\":\"https:\/\/grupo-organistrum.com\/gl\/#organization\"},\"potentialAction\":[{\"@type\":\"SearchAction\",\"target\":{\"@type\":\"EntryPoint\",\"urlTemplate\":\"https:\/\/grupo-organistrum.com\/gl\/?s={search_term_string}\"},\"query-input\":{\"@type\":\"PropertyValueSpecification\",\"valueRequired\":true,\"valueName\":\"search_term_string\"}}],\"inLanguage\":\"gl-ES\"},{\"@type\":\"Organization\",\"@id\":\"https:\/\/grupo-organistrum.com\/gl\/#organization\",\"name\":\"Grupo Organistrum | Grupo de investigaci\u00f3n | GI-2025\",\"url\":\"https:\/\/grupo-organistrum.com\/gl\/\",\"logo\":{\"@type\":\"ImageObject\",\"inLanguage\":\"gl-ES\",\"@id\":\"https:\/\/grupo-organistrum.com\/gl\/#\/schema\/logo\/image\/\",\"url\":\"https:\/\/grupo-organistrum.com\/wp-content\/uploads\/2022\/02\/logo.png\",\"contentUrl\":\"https:\/\/grupo-organistrum.com\/wp-content\/uploads\/2022\/02\/logo.png\",\"width\":464,\"height\":103,\"caption\":\"Grupo Organistrum | Grupo de investigaci\u00f3n | GI-2025\"},\"image\":{\"@id\":\"https:\/\/grupo-organistrum.com\/gl\/#\/schema\/logo\/image\/\"}}]}<\/script>\n<!-- \/ Yoast SEO plugin. -->","yoast_head_json":{"title":"Eloy Carrera Bern\u00e1ndez - Organistrum","robots":{"index":"index","follow":"follow","max-snippet":"max-snippet:-1","max-image-preview":"max-image-preview:large","max-video-preview":"max-video-preview:-1"},"canonical":"https:\/\/grupo-organistrum.com\/gl\/equipo\/eloy-carrera-bernandez\/","og_locale":"gl_ES","og_type":"article","og_title":"Eloy Carrera Bern\u00e1ndez - Organistrum","og_description":"Nado en Tui no ano 1992, onde comeza os seus estudos musicais aos 11 anos na Escola Municipal de M\u00fasica de Tui da man de Adolfo Besada \u00c1lvarez e Daniel Gregores. Aos 12 anos ingresa na Banda de M\u00fasica Popular de Tui, onde foi tromb\u00f3n solista da devandita agrupaci\u00f3n. No 2007 accede ao Conservatorio Profesional ... Ler m\u00e1is","og_url":"https:\/\/grupo-organistrum.com\/gl\/equipo\/eloy-carrera-bernandez\/","og_site_name":"Organistrum","article_modified_time":"2022-04-11T14:12:41+00:00","og_image":[{"width":819,"height":707,"url":"https:\/\/grupo-organistrum.com\/wp-content\/uploads\/2022\/04\/Foto-curriculum-modifica.jpg","type":"image\/jpeg"}],"twitter_card":"summary_large_image","twitter_misc":{"Tempo de lectura":"1 minuto"},"schema":{"@context":"https:\/\/schema.org","@graph":[{"@type":"WebPage","@id":"https:\/\/grupo-organistrum.com\/gl\/equipo\/eloy-carrera-bernandez\/","url":"https:\/\/grupo-organistrum.com\/gl\/equipo\/eloy-carrera-bernandez\/","name":"Eloy Carrera Bern\u00e1ndez - Organistrum","isPartOf":{"@id":"https:\/\/grupo-organistrum.com\/gl\/#website"},"primaryImageOfPage":{"@id":"https:\/\/grupo-organistrum.com\/gl\/equipo\/eloy-carrera-bernandez\/#primaryimage"},"image":{"@id":"https:\/\/grupo-organistrum.com\/gl\/equipo\/eloy-carrera-bernandez\/#primaryimage"},"thumbnailUrl":"https:\/\/grupo-organistrum.com\/wp-content\/uploads\/2022\/04\/Foto-curriculum-modifica.jpg","datePublished":"2022-02-15T10:09:24+00:00","dateModified":"2022-04-11T14:12:41+00:00","breadcrumb":{"@id":"https:\/\/grupo-organistrum.com\/gl\/equipo\/eloy-carrera-bernandez\/#breadcrumb"},"inLanguage":"gl-ES","potentialAction":[{"@type":"ReadAction","target":["https:\/\/grupo-organistrum.com\/gl\/equipo\/eloy-carrera-bernandez\/"]}]},{"@type":"ImageObject","inLanguage":"gl-ES","@id":"https:\/\/grupo-organistrum.com\/gl\/equipo\/eloy-carrera-bernandez\/#primaryimage","url":"https:\/\/grupo-organistrum.com\/wp-content\/uploads\/2022\/04\/Foto-curriculum-modifica.jpg","contentUrl":"https:\/\/grupo-organistrum.com\/wp-content\/uploads\/2022\/04\/Foto-curriculum-modifica.jpg","width":819,"height":707},{"@type":"BreadcrumbList","@id":"https:\/\/grupo-organistrum.com\/gl\/equipo\/eloy-carrera-bernandez\/#breadcrumb","itemListElement":[{"@type":"ListItem","position":1,"name":"Portada","item":"https:\/\/grupo-organistrum.com\/gl\/"},{"@type":"ListItem","position":2,"name":"Eloy Carrera Bern\u00e1ndez"}]},{"@type":"WebSite","@id":"https:\/\/grupo-organistrum.com\/gl\/#website","url":"https:\/\/grupo-organistrum.com\/gl\/","name":"Organistrum","description":"Grupo de Investigaci\u00f3n","publisher":{"@id":"https:\/\/grupo-organistrum.com\/gl\/#organization"},"potentialAction":[{"@type":"SearchAction","target":{"@type":"EntryPoint","urlTemplate":"https:\/\/grupo-organistrum.com\/gl\/?s={search_term_string}"},"query-input":{"@type":"PropertyValueSpecification","valueRequired":true,"valueName":"search_term_string"}}],"inLanguage":"gl-ES"},{"@type":"Organization","@id":"https:\/\/grupo-organistrum.com\/gl\/#organization","name":"Grupo Organistrum | Grupo de investigaci\u00f3n | GI-2025","url":"https:\/\/grupo-organistrum.com\/gl\/","logo":{"@type":"ImageObject","inLanguage":"gl-ES","@id":"https:\/\/grupo-organistrum.com\/gl\/#\/schema\/logo\/image\/","url":"https:\/\/grupo-organistrum.com\/wp-content\/uploads\/2022\/02\/logo.png","contentUrl":"https:\/\/grupo-organistrum.com\/wp-content\/uploads\/2022\/02\/logo.png","width":464,"height":103,"caption":"Grupo Organistrum | Grupo de investigaci\u00f3n | GI-2025"},"image":{"@id":"https:\/\/grupo-organistrum.com\/gl\/#\/schema\/logo\/image\/"}}]}},"_links":{"self":[{"href":"https:\/\/grupo-organistrum.com\/gl\/wp-json\/wp\/v2\/equipo\/3643","targetHints":{"allow":["GET"]}}],"collection":[{"href":"https:\/\/grupo-organistrum.com\/gl\/wp-json\/wp\/v2\/equipo"}],"about":[{"href":"https:\/\/grupo-organistrum.com\/gl\/wp-json\/wp\/v2\/types\/equipo"}],"wp:featuredmedia":[{"embeddable":true,"href":"https:\/\/grupo-organistrum.com\/gl\/wp-json\/wp\/v2\/media\/3642"}],"wp:attachment":[{"href":"https:\/\/grupo-organistrum.com\/gl\/wp-json\/wp\/v2\/media?parent=3643"}],"wp:term":[{"taxonomy":"categoria-equipo","embeddable":true,"href":"https:\/\/grupo-organistrum.com\/gl\/wp-json\/wp\/v2\/categoria-equipo?post=3643"}],"curies":[{"name":"wp","href":"https:\/\/api.w.org\/{rel}","templated":true}]}}