{"id":1716,"date":"2019-04-16T15:52:03","date_gmt":"2019-04-16T13:52:03","guid":{"rendered":"https:\/\/grupo-organistrum.com\/mediateca\/o-legado-do-violinista-andres-gaos-exposto-en-santiago-g24-gal\/"},"modified":"2022-06-02T08:54:54","modified_gmt":"2022-06-02T06:54:54","slug":"o-legado-do-violinista-andres-gaos-exposto-en-santiago-g24-gal","status":"publish","type":"mediateca","link":"https:\/\/grupo-organistrum.com\/gl\/mediateca\/o-legado-do-violinista-andres-gaos-exposto-en-santiago-g24-gal\/","title":{"rendered":"O legado do violinista Andr\u00e9s Gaos, exposto en Santiago (G24.gal)"},"content":{"rendered":"<p>Entrevista a Javier Garbayo e Montserrat Capel\u00e1n con motivo da exposici\u00f3n \u201cO universo musical de Andr\u00e9s Gaos (1874-1959)\u201d, no Colexio Fonseca ata o 31 de amio de 2019<\/p>\n","protected":false},"featured_media":1005,"template":"","meta":{"_acf_changed":false},"categoria-mediateca":[99],"class_list":["post-1716","mediateca","type-mediateca","status-publish","has-post-thumbnail","hentry","categoria-mediateca-arquivo-da-palabra"],"acf":[],"yoast_head":"<!-- This site is optimized with the Yoast SEO plugin v25.2 - https:\/\/yoast.com\/wordpress\/plugins\/seo\/ -->\n<title>O legado do violinista Andr\u00e9s Gaos, exposto en Santiago (G24.gal) - Organistrum<\/title>\n<meta name=\"robots\" content=\"index, follow, max-snippet:-1, max-image-preview:large, max-video-preview:-1\" \/>\n<link rel=\"canonical\" href=\"https:\/\/grupo-organistrum.com\/gl\/mediateca\/o-legado-do-violinista-andres-gaos-exposto-en-santiago-g24-gal\/\" \/>\n<meta property=\"og:locale\" content=\"gl_ES\" \/>\n<meta property=\"og:type\" content=\"article\" \/>\n<meta property=\"og:title\" content=\"O legado do violinista Andr\u00e9s Gaos, exposto en Santiago (G24.gal) - Organistrum\" \/>\n<meta property=\"og:description\" content=\"Entrevista a Javier Garbayo e Montserrat Capel\u00e1n con motivo da exposici\u00f3n \u201cO universo musical de Andr\u00e9s Gaos (1874-1959)\u201d, no Colexio Fonseca ata o 31 de amio de 2019\" \/>\n<meta property=\"og:url\" content=\"https:\/\/grupo-organistrum.com\/gl\/mediateca\/o-legado-do-violinista-andres-gaos-exposto-en-santiago-g24-gal\/\" \/>\n<meta property=\"og:site_name\" content=\"Organistrum\" \/>\n<meta property=\"article:modified_time\" content=\"2022-06-02T06:54:54+00:00\" \/>\n<meta property=\"og:image\" content=\"https:\/\/grupo-organistrum.com\/wp-content\/uploads\/2022\/02\/FireShot-Capture-001-O-legado-do-violinista-Andr\u00e9s-Gaos-exposto-en-Santiago-Noticias-de-_-www.crtvg_.es_.png\" \/>\n\t<meta property=\"og:image:width\" content=\"1002\" \/>\n\t<meta property=\"og:image:height\" content=\"582\" \/>\n\t<meta property=\"og:image:type\" content=\"image\/png\" \/>\n<meta name=\"twitter:card\" content=\"summary_large_image\" \/>\n<script type=\"application\/ld+json\" class=\"yoast-schema-graph\">{\"@context\":\"https:\/\/schema.org\",\"@graph\":[{\"@type\":\"WebPage\",\"@id\":\"https:\/\/grupo-organistrum.com\/gl\/mediateca\/o-legado-do-violinista-andres-gaos-exposto-en-santiago-g24-gal\/\",\"url\":\"https:\/\/grupo-organistrum.com\/gl\/mediateca\/o-legado-do-violinista-andres-gaos-exposto-en-santiago-g24-gal\/\",\"name\":\"O legado do violinista Andr\u00e9s Gaos, exposto en Santiago (G24.gal) - Organistrum\",\"isPartOf\":{\"@id\":\"https:\/\/grupo-organistrum.com\/gl\/#website\"},\"primaryImageOfPage\":{\"@id\":\"https:\/\/grupo-organistrum.com\/gl\/mediateca\/o-legado-do-violinista-andres-gaos-exposto-en-santiago-g24-gal\/#primaryimage\"},\"image\":{\"@id\":\"https:\/\/grupo-organistrum.com\/gl\/mediateca\/o-legado-do-violinista-andres-gaos-exposto-en-santiago-g24-gal\/#primaryimage\"},\"thumbnailUrl\":\"https:\/\/grupo-organistrum.com\/wp-content\/uploads\/2022\/02\/FireShot-Capture-001-O-legado-do-violinista-Andr\u00e9s-Gaos-exposto-en-Santiago-Noticias-de-_-www.crtvg_.es_.png\",\"datePublished\":\"2019-04-16T13:52:03+00:00\",\"dateModified\":\"2022-06-02T06:54:54+00:00\",\"breadcrumb\":{\"@id\":\"https:\/\/grupo-organistrum.com\/gl\/mediateca\/o-legado-do-violinista-andres-gaos-exposto-en-santiago-g24-gal\/#breadcrumb\"},\"inLanguage\":\"gl-ES\",\"potentialAction\":[{\"@type\":\"ReadAction\",\"target\":[\"https:\/\/grupo-organistrum.com\/gl\/mediateca\/o-legado-do-violinista-andres-gaos-exposto-en-santiago-g24-gal\/\"]}]},{\"@type\":\"ImageObject\",\"inLanguage\":\"gl-ES\",\"@id\":\"https:\/\/grupo-organistrum.com\/gl\/mediateca\/o-legado-do-violinista-andres-gaos-exposto-en-santiago-g24-gal\/#primaryimage\",\"url\":\"https:\/\/grupo-organistrum.com\/wp-content\/uploads\/2022\/02\/FireShot-Capture-001-O-legado-do-violinista-Andr\u00e9s-Gaos-exposto-en-Santiago-Noticias-de-_-www.crtvg_.es_.png\",\"contentUrl\":\"https:\/\/grupo-organistrum.com\/wp-content\/uploads\/2022\/02\/FireShot-Capture-001-O-legado-do-violinista-Andr\u00e9s-Gaos-exposto-en-Santiago-Noticias-de-_-www.crtvg_.es_.png\",\"width\":1002,\"height\":582},{\"@type\":\"BreadcrumbList\",\"@id\":\"https:\/\/grupo-organistrum.com\/gl\/mediateca\/o-legado-do-violinista-andres-gaos-exposto-en-santiago-g24-gal\/#breadcrumb\",\"itemListElement\":[{\"@type\":\"ListItem\",\"position\":1,\"name\":\"Portada\",\"item\":\"https:\/\/grupo-organistrum.com\/gl\/\"},{\"@type\":\"ListItem\",\"position\":2,\"name\":\"O legado do violinista Andr\u00e9s Gaos, exposto en Santiago (G24.gal)\"}]},{\"@type\":\"WebSite\",\"@id\":\"https:\/\/grupo-organistrum.com\/gl\/#website\",\"url\":\"https:\/\/grupo-organistrum.com\/gl\/\",\"name\":\"Organistrum\",\"description\":\"Grupo de Investigaci\u00f3n\",\"publisher\":{\"@id\":\"https:\/\/grupo-organistrum.com\/gl\/#organization\"},\"potentialAction\":[{\"@type\":\"SearchAction\",\"target\":{\"@type\":\"EntryPoint\",\"urlTemplate\":\"https:\/\/grupo-organistrum.com\/gl\/?s={search_term_string}\"},\"query-input\":{\"@type\":\"PropertyValueSpecification\",\"valueRequired\":true,\"valueName\":\"search_term_string\"}}],\"inLanguage\":\"gl-ES\"},{\"@type\":\"Organization\",\"@id\":\"https:\/\/grupo-organistrum.com\/gl\/#organization\",\"name\":\"Grupo Organistrum | Grupo de investigaci\u00f3n | GI-2025\",\"url\":\"https:\/\/grupo-organistrum.com\/gl\/\",\"logo\":{\"@type\":\"ImageObject\",\"inLanguage\":\"gl-ES\",\"@id\":\"https:\/\/grupo-organistrum.com\/gl\/#\/schema\/logo\/image\/\",\"url\":\"https:\/\/grupo-organistrum.com\/wp-content\/uploads\/2022\/02\/logo.png\",\"contentUrl\":\"https:\/\/grupo-organistrum.com\/wp-content\/uploads\/2022\/02\/logo.png\",\"width\":464,\"height\":103,\"caption\":\"Grupo Organistrum | Grupo de investigaci\u00f3n | GI-2025\"},\"image\":{\"@id\":\"https:\/\/grupo-organistrum.com\/gl\/#\/schema\/logo\/image\/\"}}]}<\/script>\n<!-- \/ Yoast SEO plugin. -->","yoast_head_json":{"title":"O legado do violinista Andr\u00e9s Gaos, exposto en Santiago (G24.gal) - Organistrum","robots":{"index":"index","follow":"follow","max-snippet":"max-snippet:-1","max-image-preview":"max-image-preview:large","max-video-preview":"max-video-preview:-1"},"canonical":"https:\/\/grupo-organistrum.com\/gl\/mediateca\/o-legado-do-violinista-andres-gaos-exposto-en-santiago-g24-gal\/","og_locale":"gl_ES","og_type":"article","og_title":"O legado do violinista Andr\u00e9s Gaos, exposto en Santiago (G24.gal) - Organistrum","og_description":"Entrevista a Javier Garbayo e Montserrat Capel\u00e1n con motivo da exposici\u00f3n \u201cO universo musical de Andr\u00e9s Gaos (1874-1959)\u201d, no Colexio Fonseca ata o 31 de amio de 2019","og_url":"https:\/\/grupo-organistrum.com\/gl\/mediateca\/o-legado-do-violinista-andres-gaos-exposto-en-santiago-g24-gal\/","og_site_name":"Organistrum","article_modified_time":"2022-06-02T06:54:54+00:00","og_image":[{"width":1002,"height":582,"url":"https:\/\/grupo-organistrum.com\/wp-content\/uploads\/2022\/02\/FireShot-Capture-001-O-legado-do-violinista-Andr\u00e9s-Gaos-exposto-en-Santiago-Noticias-de-_-www.crtvg_.es_.png","type":"image\/png"}],"twitter_card":"summary_large_image","schema":{"@context":"https:\/\/schema.org","@graph":[{"@type":"WebPage","@id":"https:\/\/grupo-organistrum.com\/gl\/mediateca\/o-legado-do-violinista-andres-gaos-exposto-en-santiago-g24-gal\/","url":"https:\/\/grupo-organistrum.com\/gl\/mediateca\/o-legado-do-violinista-andres-gaos-exposto-en-santiago-g24-gal\/","name":"O legado do violinista Andr\u00e9s Gaos, exposto en Santiago (G24.gal) - Organistrum","isPartOf":{"@id":"https:\/\/grupo-organistrum.com\/gl\/#website"},"primaryImageOfPage":{"@id":"https:\/\/grupo-organistrum.com\/gl\/mediateca\/o-legado-do-violinista-andres-gaos-exposto-en-santiago-g24-gal\/#primaryimage"},"image":{"@id":"https:\/\/grupo-organistrum.com\/gl\/mediateca\/o-legado-do-violinista-andres-gaos-exposto-en-santiago-g24-gal\/#primaryimage"},"thumbnailUrl":"https:\/\/grupo-organistrum.com\/wp-content\/uploads\/2022\/02\/FireShot-Capture-001-O-legado-do-violinista-Andr\u00e9s-Gaos-exposto-en-Santiago-Noticias-de-_-www.crtvg_.es_.png","datePublished":"2019-04-16T13:52:03+00:00","dateModified":"2022-06-02T06:54:54+00:00","breadcrumb":{"@id":"https:\/\/grupo-organistrum.com\/gl\/mediateca\/o-legado-do-violinista-andres-gaos-exposto-en-santiago-g24-gal\/#breadcrumb"},"inLanguage":"gl-ES","potentialAction":[{"@type":"ReadAction","target":["https:\/\/grupo-organistrum.com\/gl\/mediateca\/o-legado-do-violinista-andres-gaos-exposto-en-santiago-g24-gal\/"]}]},{"@type":"ImageObject","inLanguage":"gl-ES","@id":"https:\/\/grupo-organistrum.com\/gl\/mediateca\/o-legado-do-violinista-andres-gaos-exposto-en-santiago-g24-gal\/#primaryimage","url":"https:\/\/grupo-organistrum.com\/wp-content\/uploads\/2022\/02\/FireShot-Capture-001-O-legado-do-violinista-Andr\u00e9s-Gaos-exposto-en-Santiago-Noticias-de-_-www.crtvg_.es_.png","contentUrl":"https:\/\/grupo-organistrum.com\/wp-content\/uploads\/2022\/02\/FireShot-Capture-001-O-legado-do-violinista-Andr\u00e9s-Gaos-exposto-en-Santiago-Noticias-de-_-www.crtvg_.es_.png","width":1002,"height":582},{"@type":"BreadcrumbList","@id":"https:\/\/grupo-organistrum.com\/gl\/mediateca\/o-legado-do-violinista-andres-gaos-exposto-en-santiago-g24-gal\/#breadcrumb","itemListElement":[{"@type":"ListItem","position":1,"name":"Portada","item":"https:\/\/grupo-organistrum.com\/gl\/"},{"@type":"ListItem","position":2,"name":"O legado do violinista Andr\u00e9s Gaos, exposto en Santiago (G24.gal)"}]},{"@type":"WebSite","@id":"https:\/\/grupo-organistrum.com\/gl\/#website","url":"https:\/\/grupo-organistrum.com\/gl\/","name":"Organistrum","description":"Grupo de Investigaci\u00f3n","publisher":{"@id":"https:\/\/grupo-organistrum.com\/gl\/#organization"},"potentialAction":[{"@type":"SearchAction","target":{"@type":"EntryPoint","urlTemplate":"https:\/\/grupo-organistrum.com\/gl\/?s={search_term_string}"},"query-input":{"@type":"PropertyValueSpecification","valueRequired":true,"valueName":"search_term_string"}}],"inLanguage":"gl-ES"},{"@type":"Organization","@id":"https:\/\/grupo-organistrum.com\/gl\/#organization","name":"Grupo Organistrum | Grupo de investigaci\u00f3n | GI-2025","url":"https:\/\/grupo-organistrum.com\/gl\/","logo":{"@type":"ImageObject","inLanguage":"gl-ES","@id":"https:\/\/grupo-organistrum.com\/gl\/#\/schema\/logo\/image\/","url":"https:\/\/grupo-organistrum.com\/wp-content\/uploads\/2022\/02\/logo.png","contentUrl":"https:\/\/grupo-organistrum.com\/wp-content\/uploads\/2022\/02\/logo.png","width":464,"height":103,"caption":"Grupo Organistrum | Grupo de investigaci\u00f3n | GI-2025"},"image":{"@id":"https:\/\/grupo-organistrum.com\/gl\/#\/schema\/logo\/image\/"}}]}},"_links":{"self":[{"href":"https:\/\/grupo-organistrum.com\/gl\/wp-json\/wp\/v2\/mediateca\/1716","targetHints":{"allow":["GET"]}}],"collection":[{"href":"https:\/\/grupo-organistrum.com\/gl\/wp-json\/wp\/v2\/mediateca"}],"about":[{"href":"https:\/\/grupo-organistrum.com\/gl\/wp-json\/wp\/v2\/types\/mediateca"}],"wp:featuredmedia":[{"embeddable":true,"href":"https:\/\/grupo-organistrum.com\/gl\/wp-json\/wp\/v2\/media\/1005"}],"wp:attachment":[{"href":"https:\/\/grupo-organistrum.com\/gl\/wp-json\/wp\/v2\/media?parent=1716"}],"wp:term":[{"taxonomy":"categoria-mediateca","embeddable":true,"href":"https:\/\/grupo-organistrum.com\/gl\/wp-json\/wp\/v2\/categoria-mediateca?post=1716"}],"curies":[{"name":"wp","href":"https:\/\/api.w.org\/{rel}","templated":true}]}}