{"id":8418,"date":"2017-11-15T22:39:00","date_gmt":"2017-11-15T21:39:00","guid":{"rendered":"https:\/\/grupo-organistrum.com\/?post_type=mediateca&#038;p=8418"},"modified":"2022-11-05T22:41:37","modified_gmt":"2022-11-05T21:41:37","slug":"entrevista-del-critico-musical-alberto-gonzalez-lapuente-a-consuelo-carredano-y-javier-suarez-pajares-la-guitarra-y-el-exilio-mexicano-de-los-musicos-espanoles","status":"publish","type":"mediateca","link":"https:\/\/grupo-organistrum.com\/gl\/mediateca\/entrevista-del-critico-musical-alberto-gonzalez-lapuente-a-consuelo-carredano-y-javier-suarez-pajares-la-guitarra-y-el-exilio-mexicano-de-los-musicos-espanoles\/","title":{"rendered":"Entrevista do cr\u00edtico musical Alberto Gonz\u00e1lez Lapuente a Consuelo Carredano e Javier Su\u00e1rez Pajares: &#8220;La guitarra y el exilio mexicano de los m\u00fasicos espa\u00f1oles&#8221;"},"content":{"rendered":"<p>Entrevista do cr\u00edtico musical Alberto Gonz\u00e1lez Lapuente a Consuelo Carredano e Javier Su\u00e1rez Pajares: &#8220;<em>La guitarra y el exilio mexicano de los m\u00fasicos espa\u00f1oles&#8221;<\/em><br \/>Fundaci\u00f3n Juan March<\/p>\n\n\n<figure class=\"wp-block-embed is-type-video is-provider-youtube wp-block-embed-youtube wp-embed-aspect-16-9 wp-has-aspect-ratio\"><div class=\"wp-block-embed__wrapper\">\n<iframe title=\"La guitarra y el exilio mexicano de los m\u00fasicos espa\u00f1oles\" width=\"1200\" height=\"675\" src=\"https:\/\/www.youtube.com\/embed\/m2L8VIzpBNc?feature=oembed\" frameborder=\"0\" allow=\"accelerometer; autoplay; clipboard-write; encrypted-media; gyroscope; picture-in-picture\" allowfullscreen><\/iframe>\n<\/div><\/figure>\n","protected":false},"featured_media":8417,"template":"","meta":{"_acf_changed":false},"categoria-mediateca":[99],"class_list":["post-8418","mediateca","type-mediateca","status-publish","has-post-thumbnail","hentry","categoria-mediateca-arquivo-da-palabra"],"acf":[],"yoast_head":"<!-- This site is optimized with the Yoast SEO plugin v25.2 - https:\/\/yoast.com\/wordpress\/plugins\/seo\/ -->\n<title>Entrevista do cr\u00edtico musical Alberto Gonz\u00e1lez Lapuente a Consuelo Carredano e Javier Su\u00e1rez Pajares: &quot;La guitarra y el exilio mexicano de los m\u00fasicos espa\u00f1oles&quot; - Organistrum<\/title>\n<meta name=\"robots\" content=\"index, follow, max-snippet:-1, max-image-preview:large, max-video-preview:-1\" \/>\n<link rel=\"canonical\" href=\"https:\/\/grupo-organistrum.com\/gl\/mediateca\/entrevista-del-critico-musical-alberto-gonzalez-lapuente-a-consuelo-carredano-y-javier-suarez-pajares-la-guitarra-y-el-exilio-mexicano-de-los-musicos-espanoles\/\" \/>\n<meta property=\"og:locale\" content=\"gl_ES\" \/>\n<meta property=\"og:type\" content=\"article\" \/>\n<meta property=\"og:title\" content=\"Entrevista do cr\u00edtico musical Alberto Gonz\u00e1lez Lapuente a Consuelo Carredano e Javier Su\u00e1rez Pajares: &quot;La guitarra y el exilio mexicano de los m\u00fasicos espa\u00f1oles&quot; - Organistrum\" \/>\n<meta property=\"og:description\" content=\"Entrevista do cr\u00edtico musical Alberto Gonz\u00e1lez Lapuente a Consuelo Carredano e Javier Su\u00e1rez Pajares: &#8220;La guitarra y el exilio mexicano de los m\u00fasicos espa\u00f1oles&#8221;Fundaci\u00f3n Juan March\" \/>\n<meta property=\"og:url\" content=\"https:\/\/grupo-organistrum.com\/gl\/mediateca\/entrevista-del-critico-musical-alberto-gonzalez-lapuente-a-consuelo-carredano-y-javier-suarez-pajares-la-guitarra-y-el-exilio-mexicano-de-los-musicos-espanoles\/\" \/>\n<meta property=\"og:site_name\" content=\"Organistrum\" \/>\n<meta property=\"article:modified_time\" content=\"2022-11-05T21:41:37+00:00\" \/>\n<meta property=\"og:image\" content=\"https:\/\/grupo-organistrum.com\/wp-content\/uploads\/2022\/11\/SharedScreenshot-7.jpg\" \/>\n\t<meta property=\"og:image:width\" content=\"1053\" \/>\n\t<meta property=\"og:image:height\" content=\"590\" \/>\n\t<meta property=\"og:image:type\" content=\"image\/jpeg\" \/>\n<meta name=\"twitter:card\" content=\"summary_large_image\" \/>\n<meta name=\"twitter:label1\" content=\"Tempo de lectura\" \/>\n\t<meta name=\"twitter:data1\" content=\"1 minuto\" \/>\n<script type=\"application\/ld+json\" class=\"yoast-schema-graph\">{\"@context\":\"https:\/\/schema.org\",\"@graph\":[{\"@type\":\"WebPage\",\"@id\":\"https:\/\/grupo-organistrum.com\/gl\/mediateca\/entrevista-del-critico-musical-alberto-gonzalez-lapuente-a-consuelo-carredano-y-javier-suarez-pajares-la-guitarra-y-el-exilio-mexicano-de-los-musicos-espanoles\/\",\"url\":\"https:\/\/grupo-organistrum.com\/gl\/mediateca\/entrevista-del-critico-musical-alberto-gonzalez-lapuente-a-consuelo-carredano-y-javier-suarez-pajares-la-guitarra-y-el-exilio-mexicano-de-los-musicos-espanoles\/\",\"name\":\"Entrevista do cr\u00edtico musical Alberto Gonz\u00e1lez Lapuente a Consuelo Carredano e Javier Su\u00e1rez Pajares: \\\"La guitarra y el exilio mexicano de los m\u00fasicos espa\u00f1oles\\\" - Organistrum\",\"isPartOf\":{\"@id\":\"https:\/\/grupo-organistrum.com\/gl\/#website\"},\"primaryImageOfPage\":{\"@id\":\"https:\/\/grupo-organistrum.com\/gl\/mediateca\/entrevista-del-critico-musical-alberto-gonzalez-lapuente-a-consuelo-carredano-y-javier-suarez-pajares-la-guitarra-y-el-exilio-mexicano-de-los-musicos-espanoles\/#primaryimage\"},\"image\":{\"@id\":\"https:\/\/grupo-organistrum.com\/gl\/mediateca\/entrevista-del-critico-musical-alberto-gonzalez-lapuente-a-consuelo-carredano-y-javier-suarez-pajares-la-guitarra-y-el-exilio-mexicano-de-los-musicos-espanoles\/#primaryimage\"},\"thumbnailUrl\":\"https:\/\/grupo-organistrum.com\/wp-content\/uploads\/2022\/11\/SharedScreenshot-7.jpg\",\"datePublished\":\"2017-11-15T21:39:00+00:00\",\"dateModified\":\"2022-11-05T21:41:37+00:00\",\"breadcrumb\":{\"@id\":\"https:\/\/grupo-organistrum.com\/gl\/mediateca\/entrevista-del-critico-musical-alberto-gonzalez-lapuente-a-consuelo-carredano-y-javier-suarez-pajares-la-guitarra-y-el-exilio-mexicano-de-los-musicos-espanoles\/#breadcrumb\"},\"inLanguage\":\"gl-ES\",\"potentialAction\":[{\"@type\":\"ReadAction\",\"target\":[\"https:\/\/grupo-organistrum.com\/gl\/mediateca\/entrevista-del-critico-musical-alberto-gonzalez-lapuente-a-consuelo-carredano-y-javier-suarez-pajares-la-guitarra-y-el-exilio-mexicano-de-los-musicos-espanoles\/\"]}]},{\"@type\":\"ImageObject\",\"inLanguage\":\"gl-ES\",\"@id\":\"https:\/\/grupo-organistrum.com\/gl\/mediateca\/entrevista-del-critico-musical-alberto-gonzalez-lapuente-a-consuelo-carredano-y-javier-suarez-pajares-la-guitarra-y-el-exilio-mexicano-de-los-musicos-espanoles\/#primaryimage\",\"url\":\"https:\/\/grupo-organistrum.com\/wp-content\/uploads\/2022\/11\/SharedScreenshot-7.jpg\",\"contentUrl\":\"https:\/\/grupo-organistrum.com\/wp-content\/uploads\/2022\/11\/SharedScreenshot-7.jpg\",\"width\":1053,\"height\":590},{\"@type\":\"BreadcrumbList\",\"@id\":\"https:\/\/grupo-organistrum.com\/gl\/mediateca\/entrevista-del-critico-musical-alberto-gonzalez-lapuente-a-consuelo-carredano-y-javier-suarez-pajares-la-guitarra-y-el-exilio-mexicano-de-los-musicos-espanoles\/#breadcrumb\",\"itemListElement\":[{\"@type\":\"ListItem\",\"position\":1,\"name\":\"Portada\",\"item\":\"https:\/\/grupo-organistrum.com\/gl\/\"},{\"@type\":\"ListItem\",\"position\":2,\"name\":\"Entrevista do cr\u00edtico musical Alberto Gonz\u00e1lez Lapuente a Consuelo Carredano e Javier Su\u00e1rez Pajares: &#8220;La guitarra y el exilio mexicano de los m\u00fasicos espa\u00f1oles&#8221;\"}]},{\"@type\":\"WebSite\",\"@id\":\"https:\/\/grupo-organistrum.com\/gl\/#website\",\"url\":\"https:\/\/grupo-organistrum.com\/gl\/\",\"name\":\"Organistrum\",\"description\":\"Grupo de Investigaci\u00f3n\",\"publisher\":{\"@id\":\"https:\/\/grupo-organistrum.com\/gl\/#organization\"},\"potentialAction\":[{\"@type\":\"SearchAction\",\"target\":{\"@type\":\"EntryPoint\",\"urlTemplate\":\"https:\/\/grupo-organistrum.com\/gl\/?s={search_term_string}\"},\"query-input\":{\"@type\":\"PropertyValueSpecification\",\"valueRequired\":true,\"valueName\":\"search_term_string\"}}],\"inLanguage\":\"gl-ES\"},{\"@type\":\"Organization\",\"@id\":\"https:\/\/grupo-organistrum.com\/gl\/#organization\",\"name\":\"Grupo Organistrum | Grupo de investigaci\u00f3n | GI-2025\",\"url\":\"https:\/\/grupo-organistrum.com\/gl\/\",\"logo\":{\"@type\":\"ImageObject\",\"inLanguage\":\"gl-ES\",\"@id\":\"https:\/\/grupo-organistrum.com\/gl\/#\/schema\/logo\/image\/\",\"url\":\"https:\/\/grupo-organistrum.com\/wp-content\/uploads\/2022\/02\/logo.png\",\"contentUrl\":\"https:\/\/grupo-organistrum.com\/wp-content\/uploads\/2022\/02\/logo.png\",\"width\":464,\"height\":103,\"caption\":\"Grupo Organistrum | Grupo de investigaci\u00f3n | GI-2025\"},\"image\":{\"@id\":\"https:\/\/grupo-organistrum.com\/gl\/#\/schema\/logo\/image\/\"}}]}<\/script>\n<!-- \/ Yoast SEO plugin. -->","yoast_head_json":{"title":"Entrevista do cr\u00edtico musical Alberto Gonz\u00e1lez Lapuente a Consuelo Carredano e Javier Su\u00e1rez Pajares: \"La guitarra y el exilio mexicano de los m\u00fasicos espa\u00f1oles\" - Organistrum","robots":{"index":"index","follow":"follow","max-snippet":"max-snippet:-1","max-image-preview":"max-image-preview:large","max-video-preview":"max-video-preview:-1"},"canonical":"https:\/\/grupo-organistrum.com\/gl\/mediateca\/entrevista-del-critico-musical-alberto-gonzalez-lapuente-a-consuelo-carredano-y-javier-suarez-pajares-la-guitarra-y-el-exilio-mexicano-de-los-musicos-espanoles\/","og_locale":"gl_ES","og_type":"article","og_title":"Entrevista do cr\u00edtico musical Alberto Gonz\u00e1lez Lapuente a Consuelo Carredano e Javier Su\u00e1rez Pajares: \"La guitarra y el exilio mexicano de los m\u00fasicos espa\u00f1oles\" - Organistrum","og_description":"Entrevista do cr\u00edtico musical Alberto Gonz\u00e1lez Lapuente a Consuelo Carredano e Javier Su\u00e1rez Pajares: &#8220;La guitarra y el exilio mexicano de los m\u00fasicos espa\u00f1oles&#8221;Fundaci\u00f3n Juan March","og_url":"https:\/\/grupo-organistrum.com\/gl\/mediateca\/entrevista-del-critico-musical-alberto-gonzalez-lapuente-a-consuelo-carredano-y-javier-suarez-pajares-la-guitarra-y-el-exilio-mexicano-de-los-musicos-espanoles\/","og_site_name":"Organistrum","article_modified_time":"2022-11-05T21:41:37+00:00","og_image":[{"width":1053,"height":590,"url":"https:\/\/grupo-organistrum.com\/wp-content\/uploads\/2022\/11\/SharedScreenshot-7.jpg","type":"image\/jpeg"}],"twitter_card":"summary_large_image","twitter_misc":{"Tempo de lectura":"1 minuto"},"schema":{"@context":"https:\/\/schema.org","@graph":[{"@type":"WebPage","@id":"https:\/\/grupo-organistrum.com\/gl\/mediateca\/entrevista-del-critico-musical-alberto-gonzalez-lapuente-a-consuelo-carredano-y-javier-suarez-pajares-la-guitarra-y-el-exilio-mexicano-de-los-musicos-espanoles\/","url":"https:\/\/grupo-organistrum.com\/gl\/mediateca\/entrevista-del-critico-musical-alberto-gonzalez-lapuente-a-consuelo-carredano-y-javier-suarez-pajares-la-guitarra-y-el-exilio-mexicano-de-los-musicos-espanoles\/","name":"Entrevista do cr\u00edtico musical Alberto Gonz\u00e1lez Lapuente a Consuelo Carredano e Javier Su\u00e1rez Pajares: \"La guitarra y el exilio mexicano de los m\u00fasicos espa\u00f1oles\" - Organistrum","isPartOf":{"@id":"https:\/\/grupo-organistrum.com\/gl\/#website"},"primaryImageOfPage":{"@id":"https:\/\/grupo-organistrum.com\/gl\/mediateca\/entrevista-del-critico-musical-alberto-gonzalez-lapuente-a-consuelo-carredano-y-javier-suarez-pajares-la-guitarra-y-el-exilio-mexicano-de-los-musicos-espanoles\/#primaryimage"},"image":{"@id":"https:\/\/grupo-organistrum.com\/gl\/mediateca\/entrevista-del-critico-musical-alberto-gonzalez-lapuente-a-consuelo-carredano-y-javier-suarez-pajares-la-guitarra-y-el-exilio-mexicano-de-los-musicos-espanoles\/#primaryimage"},"thumbnailUrl":"https:\/\/grupo-organistrum.com\/wp-content\/uploads\/2022\/11\/SharedScreenshot-7.jpg","datePublished":"2017-11-15T21:39:00+00:00","dateModified":"2022-11-05T21:41:37+00:00","breadcrumb":{"@id":"https:\/\/grupo-organistrum.com\/gl\/mediateca\/entrevista-del-critico-musical-alberto-gonzalez-lapuente-a-consuelo-carredano-y-javier-suarez-pajares-la-guitarra-y-el-exilio-mexicano-de-los-musicos-espanoles\/#breadcrumb"},"inLanguage":"gl-ES","potentialAction":[{"@type":"ReadAction","target":["https:\/\/grupo-organistrum.com\/gl\/mediateca\/entrevista-del-critico-musical-alberto-gonzalez-lapuente-a-consuelo-carredano-y-javier-suarez-pajares-la-guitarra-y-el-exilio-mexicano-de-los-musicos-espanoles\/"]}]},{"@type":"ImageObject","inLanguage":"gl-ES","@id":"https:\/\/grupo-organistrum.com\/gl\/mediateca\/entrevista-del-critico-musical-alberto-gonzalez-lapuente-a-consuelo-carredano-y-javier-suarez-pajares-la-guitarra-y-el-exilio-mexicano-de-los-musicos-espanoles\/#primaryimage","url":"https:\/\/grupo-organistrum.com\/wp-content\/uploads\/2022\/11\/SharedScreenshot-7.jpg","contentUrl":"https:\/\/grupo-organistrum.com\/wp-content\/uploads\/2022\/11\/SharedScreenshot-7.jpg","width":1053,"height":590},{"@type":"BreadcrumbList","@id":"https:\/\/grupo-organistrum.com\/gl\/mediateca\/entrevista-del-critico-musical-alberto-gonzalez-lapuente-a-consuelo-carredano-y-javier-suarez-pajares-la-guitarra-y-el-exilio-mexicano-de-los-musicos-espanoles\/#breadcrumb","itemListElement":[{"@type":"ListItem","position":1,"name":"Portada","item":"https:\/\/grupo-organistrum.com\/gl\/"},{"@type":"ListItem","position":2,"name":"Entrevista do cr\u00edtico musical Alberto Gonz\u00e1lez Lapuente a Consuelo Carredano e Javier Su\u00e1rez Pajares: &#8220;La guitarra y el exilio mexicano de los m\u00fasicos espa\u00f1oles&#8221;"}]},{"@type":"WebSite","@id":"https:\/\/grupo-organistrum.com\/gl\/#website","url":"https:\/\/grupo-organistrum.com\/gl\/","name":"Organistrum","description":"Grupo de Investigaci\u00f3n","publisher":{"@id":"https:\/\/grupo-organistrum.com\/gl\/#organization"},"potentialAction":[{"@type":"SearchAction","target":{"@type":"EntryPoint","urlTemplate":"https:\/\/grupo-organistrum.com\/gl\/?s={search_term_string}"},"query-input":{"@type":"PropertyValueSpecification","valueRequired":true,"valueName":"search_term_string"}}],"inLanguage":"gl-ES"},{"@type":"Organization","@id":"https:\/\/grupo-organistrum.com\/gl\/#organization","name":"Grupo Organistrum | Grupo de investigaci\u00f3n | GI-2025","url":"https:\/\/grupo-organistrum.com\/gl\/","logo":{"@type":"ImageObject","inLanguage":"gl-ES","@id":"https:\/\/grupo-organistrum.com\/gl\/#\/schema\/logo\/image\/","url":"https:\/\/grupo-organistrum.com\/wp-content\/uploads\/2022\/02\/logo.png","contentUrl":"https:\/\/grupo-organistrum.com\/wp-content\/uploads\/2022\/02\/logo.png","width":464,"height":103,"caption":"Grupo Organistrum | Grupo de investigaci\u00f3n | GI-2025"},"image":{"@id":"https:\/\/grupo-organistrum.com\/gl\/#\/schema\/logo\/image\/"}}]}},"_links":{"self":[{"href":"https:\/\/grupo-organistrum.com\/gl\/wp-json\/wp\/v2\/mediateca\/8418","targetHints":{"allow":["GET"]}}],"collection":[{"href":"https:\/\/grupo-organistrum.com\/gl\/wp-json\/wp\/v2\/mediateca"}],"about":[{"href":"https:\/\/grupo-organistrum.com\/gl\/wp-json\/wp\/v2\/types\/mediateca"}],"wp:featuredmedia":[{"embeddable":true,"href":"https:\/\/grupo-organistrum.com\/gl\/wp-json\/wp\/v2\/media\/8417"}],"wp:attachment":[{"href":"https:\/\/grupo-organistrum.com\/gl\/wp-json\/wp\/v2\/media?parent=8418"}],"wp:term":[{"taxonomy":"categoria-mediateca","embeddable":true,"href":"https:\/\/grupo-organistrum.com\/gl\/wp-json\/wp\/v2\/categoria-mediateca?post=8418"}],"curies":[{"name":"wp","href":"https:\/\/api.w.org\/{rel}","templated":true}]}}