{"id":8431,"date":"2022-02-22T22:53:00","date_gmt":"2022-02-22T21:53:00","guid":{"rendered":"https:\/\/grupo-organistrum.com\/?post_type=mediateca&#038;p=8431"},"modified":"2022-11-05T23:01:17","modified_gmt":"2022-11-05T22:01:17","slug":"conmemoracion-do-centenario-do-nacemento-do-compositor-galego-arxentino-carlos-lopez-garcia-picos-1922-2009","status":"publish","type":"mediateca","link":"https:\/\/grupo-organistrum.com\/gl\/mediateca\/conmemoracion-do-centenario-do-nacemento-do-compositor-galego-arxentino-carlos-lopez-garcia-picos-1922-2009\/","title":{"rendered":"Conmemoraci\u00f3n do Centenario do nacemento do compositor galego-arxentino Carlos L\u00f3pez Garc\u00eda-Picos (1922-2009)"},"content":{"rendered":"\n<p><em>Xornada Perspectivas Atl\u00e1nticas na transcrulturaci\u00f3n Musical del S\u00e9culo XX. Conmemoraci\u00f3n do Centenario do nacemento do compositor galego-argxntino Carlos L\u00f3pez Garc\u00eda-Picos (1922-2009<\/em>).<br>Organizan: Consello da Cultura Galega<br>Javier Ares Espi\u00f1o e Mar\u00eda del Carmen Lorenzo Vizca\u00edno.<br>Ca participaci\u00f3n tam\u00e9n de: Carlos Villanueva e Mar\u00eda Fouz<\/p>\n\n\n\n<figure class=\"wp-block-embed is-type-video is-provider-youtube wp-block-embed-youtube wp-embed-aspect-16-9 wp-has-aspect-ratio\"><div class=\"wp-block-embed__wrapper\">\n<iframe title=\"PERSPECTIVAS ATL\u00c1NTICAS NA TRANSCULTURACI\u00d3N MUSICAL DO S\u00c9CULO XX\" width=\"1200\" height=\"675\" src=\"https:\/\/www.youtube.com\/embed\/qX8NdLeZ0b4?feature=oembed\" frameborder=\"0\" allow=\"accelerometer; autoplay; clipboard-write; encrypted-media; gyroscope; picture-in-picture\" allowfullscreen><\/iframe>\n<\/div><\/figure>\n","protected":false},"featured_media":8430,"template":"","meta":{"_acf_changed":false},"categoria-mediateca":[99],"class_list":["post-8431","mediateca","type-mediateca","status-publish","has-post-thumbnail","hentry","categoria-mediateca-arquivo-da-palabra"],"acf":[],"yoast_head":"<!-- This site is optimized with the Yoast SEO plugin v25.2 - https:\/\/yoast.com\/wordpress\/plugins\/seo\/ -->\n<title>Conmemoraci\u00f3n do Centenario do nacemento do compositor galego-arxentino Carlos L\u00f3pez Garc\u00eda-Picos (1922-2009) - Organistrum<\/title>\n<meta name=\"robots\" content=\"index, follow, max-snippet:-1, max-image-preview:large, max-video-preview:-1\" \/>\n<link rel=\"canonical\" href=\"https:\/\/grupo-organistrum.com\/gl\/mediateca\/conmemoracion-do-centenario-do-nacemento-do-compositor-galego-arxentino-carlos-lopez-garcia-picos-1922-2009\/\" \/>\n<meta property=\"og:locale\" content=\"gl_ES\" \/>\n<meta property=\"og:type\" content=\"article\" \/>\n<meta property=\"og:title\" content=\"Conmemoraci\u00f3n do Centenario do nacemento do compositor galego-arxentino Carlos L\u00f3pez Garc\u00eda-Picos (1922-2009) - Organistrum\" \/>\n<meta property=\"og:description\" content=\"Xornada Perspectivas Atl\u00e1nticas na transcrulturaci\u00f3n Musical del S\u00e9culo XX. Conmemoraci\u00f3n do Centenario do nacemento do compositor galego-argxntino Carlos L\u00f3pez Garc\u00eda-Picos (1922-2009).Organizan: Consello da Cultura GalegaJavier Ares Espi\u00f1o e Mar\u00eda del Carmen Lorenzo Vizca\u00edno.Ca participaci\u00f3n tam\u00e9n de: Carlos Villanueva e Mar\u00eda Fouz\" \/>\n<meta property=\"og:url\" content=\"https:\/\/grupo-organistrum.com\/gl\/mediateca\/conmemoracion-do-centenario-do-nacemento-do-compositor-galego-arxentino-carlos-lopez-garcia-picos-1922-2009\/\" \/>\n<meta property=\"og:site_name\" content=\"Organistrum\" \/>\n<meta property=\"article:modified_time\" content=\"2022-11-05T22:01:17+00:00\" \/>\n<meta property=\"og:image\" content=\"https:\/\/grupo-organistrum.com\/wp-content\/uploads\/2022\/11\/SharedScreenshot-10.jpg\" \/>\n\t<meta property=\"og:image:width\" content=\"1107\" \/>\n\t<meta property=\"og:image:height\" content=\"620\" \/>\n\t<meta property=\"og:image:type\" content=\"image\/jpeg\" \/>\n<meta name=\"twitter:card\" content=\"summary_large_image\" \/>\n<meta name=\"twitter:label1\" content=\"Tempo de lectura\" \/>\n\t<meta name=\"twitter:data1\" content=\"1 minuto\" \/>\n<script type=\"application\/ld+json\" class=\"yoast-schema-graph\">{\"@context\":\"https:\/\/schema.org\",\"@graph\":[{\"@type\":\"WebPage\",\"@id\":\"https:\/\/grupo-organistrum.com\/gl\/mediateca\/conmemoracion-do-centenario-do-nacemento-do-compositor-galego-arxentino-carlos-lopez-garcia-picos-1922-2009\/\",\"url\":\"https:\/\/grupo-organistrum.com\/gl\/mediateca\/conmemoracion-do-centenario-do-nacemento-do-compositor-galego-arxentino-carlos-lopez-garcia-picos-1922-2009\/\",\"name\":\"Conmemoraci\u00f3n do Centenario do nacemento do compositor galego-arxentino Carlos L\u00f3pez Garc\u00eda-Picos (1922-2009) - Organistrum\",\"isPartOf\":{\"@id\":\"https:\/\/grupo-organistrum.com\/gl\/#website\"},\"primaryImageOfPage\":{\"@id\":\"https:\/\/grupo-organistrum.com\/gl\/mediateca\/conmemoracion-do-centenario-do-nacemento-do-compositor-galego-arxentino-carlos-lopez-garcia-picos-1922-2009\/#primaryimage\"},\"image\":{\"@id\":\"https:\/\/grupo-organistrum.com\/gl\/mediateca\/conmemoracion-do-centenario-do-nacemento-do-compositor-galego-arxentino-carlos-lopez-garcia-picos-1922-2009\/#primaryimage\"},\"thumbnailUrl\":\"https:\/\/grupo-organistrum.com\/wp-content\/uploads\/2022\/11\/SharedScreenshot-10.jpg\",\"datePublished\":\"2022-02-22T21:53:00+00:00\",\"dateModified\":\"2022-11-05T22:01:17+00:00\",\"breadcrumb\":{\"@id\":\"https:\/\/grupo-organistrum.com\/gl\/mediateca\/conmemoracion-do-centenario-do-nacemento-do-compositor-galego-arxentino-carlos-lopez-garcia-picos-1922-2009\/#breadcrumb\"},\"inLanguage\":\"gl-ES\",\"potentialAction\":[{\"@type\":\"ReadAction\",\"target\":[\"https:\/\/grupo-organistrum.com\/gl\/mediateca\/conmemoracion-do-centenario-do-nacemento-do-compositor-galego-arxentino-carlos-lopez-garcia-picos-1922-2009\/\"]}]},{\"@type\":\"ImageObject\",\"inLanguage\":\"gl-ES\",\"@id\":\"https:\/\/grupo-organistrum.com\/gl\/mediateca\/conmemoracion-do-centenario-do-nacemento-do-compositor-galego-arxentino-carlos-lopez-garcia-picos-1922-2009\/#primaryimage\",\"url\":\"https:\/\/grupo-organistrum.com\/wp-content\/uploads\/2022\/11\/SharedScreenshot-10.jpg\",\"contentUrl\":\"https:\/\/grupo-organistrum.com\/wp-content\/uploads\/2022\/11\/SharedScreenshot-10.jpg\",\"width\":1107,\"height\":620},{\"@type\":\"BreadcrumbList\",\"@id\":\"https:\/\/grupo-organistrum.com\/gl\/mediateca\/conmemoracion-do-centenario-do-nacemento-do-compositor-galego-arxentino-carlos-lopez-garcia-picos-1922-2009\/#breadcrumb\",\"itemListElement\":[{\"@type\":\"ListItem\",\"position\":1,\"name\":\"Portada\",\"item\":\"https:\/\/grupo-organistrum.com\/gl\/\"},{\"@type\":\"ListItem\",\"position\":2,\"name\":\"Conmemoraci\u00f3n do Centenario do nacemento do compositor galego-arxentino Carlos L\u00f3pez Garc\u00eda-Picos (1922-2009)\"}]},{\"@type\":\"WebSite\",\"@id\":\"https:\/\/grupo-organistrum.com\/gl\/#website\",\"url\":\"https:\/\/grupo-organistrum.com\/gl\/\",\"name\":\"Organistrum\",\"description\":\"Grupo de Investigaci\u00f3n\",\"publisher\":{\"@id\":\"https:\/\/grupo-organistrum.com\/gl\/#organization\"},\"potentialAction\":[{\"@type\":\"SearchAction\",\"target\":{\"@type\":\"EntryPoint\",\"urlTemplate\":\"https:\/\/grupo-organistrum.com\/gl\/?s={search_term_string}\"},\"query-input\":{\"@type\":\"PropertyValueSpecification\",\"valueRequired\":true,\"valueName\":\"search_term_string\"}}],\"inLanguage\":\"gl-ES\"},{\"@type\":\"Organization\",\"@id\":\"https:\/\/grupo-organistrum.com\/gl\/#organization\",\"name\":\"Grupo Organistrum | Grupo de investigaci\u00f3n | GI-2025\",\"url\":\"https:\/\/grupo-organistrum.com\/gl\/\",\"logo\":{\"@type\":\"ImageObject\",\"inLanguage\":\"gl-ES\",\"@id\":\"https:\/\/grupo-organistrum.com\/gl\/#\/schema\/logo\/image\/\",\"url\":\"https:\/\/grupo-organistrum.com\/wp-content\/uploads\/2022\/02\/logo.png\",\"contentUrl\":\"https:\/\/grupo-organistrum.com\/wp-content\/uploads\/2022\/02\/logo.png\",\"width\":464,\"height\":103,\"caption\":\"Grupo Organistrum | Grupo de investigaci\u00f3n | GI-2025\"},\"image\":{\"@id\":\"https:\/\/grupo-organistrum.com\/gl\/#\/schema\/logo\/image\/\"}}]}<\/script>\n<!-- \/ Yoast SEO plugin. -->","yoast_head_json":{"title":"Conmemoraci\u00f3n do Centenario do nacemento do compositor galego-arxentino Carlos L\u00f3pez Garc\u00eda-Picos (1922-2009) - Organistrum","robots":{"index":"index","follow":"follow","max-snippet":"max-snippet:-1","max-image-preview":"max-image-preview:large","max-video-preview":"max-video-preview:-1"},"canonical":"https:\/\/grupo-organistrum.com\/gl\/mediateca\/conmemoracion-do-centenario-do-nacemento-do-compositor-galego-arxentino-carlos-lopez-garcia-picos-1922-2009\/","og_locale":"gl_ES","og_type":"article","og_title":"Conmemoraci\u00f3n do Centenario do nacemento do compositor galego-arxentino Carlos L\u00f3pez Garc\u00eda-Picos (1922-2009) - Organistrum","og_description":"Xornada Perspectivas Atl\u00e1nticas na transcrulturaci\u00f3n Musical del S\u00e9culo XX. Conmemoraci\u00f3n do Centenario do nacemento do compositor galego-argxntino Carlos L\u00f3pez Garc\u00eda-Picos (1922-2009).Organizan: Consello da Cultura GalegaJavier Ares Espi\u00f1o e Mar\u00eda del Carmen Lorenzo Vizca\u00edno.Ca participaci\u00f3n tam\u00e9n de: Carlos Villanueva e Mar\u00eda Fouz","og_url":"https:\/\/grupo-organistrum.com\/gl\/mediateca\/conmemoracion-do-centenario-do-nacemento-do-compositor-galego-arxentino-carlos-lopez-garcia-picos-1922-2009\/","og_site_name":"Organistrum","article_modified_time":"2022-11-05T22:01:17+00:00","og_image":[{"width":1107,"height":620,"url":"https:\/\/grupo-organistrum.com\/wp-content\/uploads\/2022\/11\/SharedScreenshot-10.jpg","type":"image\/jpeg"}],"twitter_card":"summary_large_image","twitter_misc":{"Tempo de lectura":"1 minuto"},"schema":{"@context":"https:\/\/schema.org","@graph":[{"@type":"WebPage","@id":"https:\/\/grupo-organistrum.com\/gl\/mediateca\/conmemoracion-do-centenario-do-nacemento-do-compositor-galego-arxentino-carlos-lopez-garcia-picos-1922-2009\/","url":"https:\/\/grupo-organistrum.com\/gl\/mediateca\/conmemoracion-do-centenario-do-nacemento-do-compositor-galego-arxentino-carlos-lopez-garcia-picos-1922-2009\/","name":"Conmemoraci\u00f3n do Centenario do nacemento do compositor galego-arxentino Carlos L\u00f3pez Garc\u00eda-Picos (1922-2009) - Organistrum","isPartOf":{"@id":"https:\/\/grupo-organistrum.com\/gl\/#website"},"primaryImageOfPage":{"@id":"https:\/\/grupo-organistrum.com\/gl\/mediateca\/conmemoracion-do-centenario-do-nacemento-do-compositor-galego-arxentino-carlos-lopez-garcia-picos-1922-2009\/#primaryimage"},"image":{"@id":"https:\/\/grupo-organistrum.com\/gl\/mediateca\/conmemoracion-do-centenario-do-nacemento-do-compositor-galego-arxentino-carlos-lopez-garcia-picos-1922-2009\/#primaryimage"},"thumbnailUrl":"https:\/\/grupo-organistrum.com\/wp-content\/uploads\/2022\/11\/SharedScreenshot-10.jpg","datePublished":"2022-02-22T21:53:00+00:00","dateModified":"2022-11-05T22:01:17+00:00","breadcrumb":{"@id":"https:\/\/grupo-organistrum.com\/gl\/mediateca\/conmemoracion-do-centenario-do-nacemento-do-compositor-galego-arxentino-carlos-lopez-garcia-picos-1922-2009\/#breadcrumb"},"inLanguage":"gl-ES","potentialAction":[{"@type":"ReadAction","target":["https:\/\/grupo-organistrum.com\/gl\/mediateca\/conmemoracion-do-centenario-do-nacemento-do-compositor-galego-arxentino-carlos-lopez-garcia-picos-1922-2009\/"]}]},{"@type":"ImageObject","inLanguage":"gl-ES","@id":"https:\/\/grupo-organistrum.com\/gl\/mediateca\/conmemoracion-do-centenario-do-nacemento-do-compositor-galego-arxentino-carlos-lopez-garcia-picos-1922-2009\/#primaryimage","url":"https:\/\/grupo-organistrum.com\/wp-content\/uploads\/2022\/11\/SharedScreenshot-10.jpg","contentUrl":"https:\/\/grupo-organistrum.com\/wp-content\/uploads\/2022\/11\/SharedScreenshot-10.jpg","width":1107,"height":620},{"@type":"BreadcrumbList","@id":"https:\/\/grupo-organistrum.com\/gl\/mediateca\/conmemoracion-do-centenario-do-nacemento-do-compositor-galego-arxentino-carlos-lopez-garcia-picos-1922-2009\/#breadcrumb","itemListElement":[{"@type":"ListItem","position":1,"name":"Portada","item":"https:\/\/grupo-organistrum.com\/gl\/"},{"@type":"ListItem","position":2,"name":"Conmemoraci\u00f3n do Centenario do nacemento do compositor galego-arxentino Carlos L\u00f3pez Garc\u00eda-Picos (1922-2009)"}]},{"@type":"WebSite","@id":"https:\/\/grupo-organistrum.com\/gl\/#website","url":"https:\/\/grupo-organistrum.com\/gl\/","name":"Organistrum","description":"Grupo de Investigaci\u00f3n","publisher":{"@id":"https:\/\/grupo-organistrum.com\/gl\/#organization"},"potentialAction":[{"@type":"SearchAction","target":{"@type":"EntryPoint","urlTemplate":"https:\/\/grupo-organistrum.com\/gl\/?s={search_term_string}"},"query-input":{"@type":"PropertyValueSpecification","valueRequired":true,"valueName":"search_term_string"}}],"inLanguage":"gl-ES"},{"@type":"Organization","@id":"https:\/\/grupo-organistrum.com\/gl\/#organization","name":"Grupo Organistrum | Grupo de investigaci\u00f3n | GI-2025","url":"https:\/\/grupo-organistrum.com\/gl\/","logo":{"@type":"ImageObject","inLanguage":"gl-ES","@id":"https:\/\/grupo-organistrum.com\/gl\/#\/schema\/logo\/image\/","url":"https:\/\/grupo-organistrum.com\/wp-content\/uploads\/2022\/02\/logo.png","contentUrl":"https:\/\/grupo-organistrum.com\/wp-content\/uploads\/2022\/02\/logo.png","width":464,"height":103,"caption":"Grupo Organistrum | Grupo de investigaci\u00f3n | GI-2025"},"image":{"@id":"https:\/\/grupo-organistrum.com\/gl\/#\/schema\/logo\/image\/"}}]}},"_links":{"self":[{"href":"https:\/\/grupo-organistrum.com\/gl\/wp-json\/wp\/v2\/mediateca\/8431","targetHints":{"allow":["GET"]}}],"collection":[{"href":"https:\/\/grupo-organistrum.com\/gl\/wp-json\/wp\/v2\/mediateca"}],"about":[{"href":"https:\/\/grupo-organistrum.com\/gl\/wp-json\/wp\/v2\/types\/mediateca"}],"wp:featuredmedia":[{"embeddable":true,"href":"https:\/\/grupo-organistrum.com\/gl\/wp-json\/wp\/v2\/media\/8430"}],"wp:attachment":[{"href":"https:\/\/grupo-organistrum.com\/gl\/wp-json\/wp\/v2\/media?parent=8431"}],"wp:term":[{"taxonomy":"categoria-mediateca","embeddable":true,"href":"https:\/\/grupo-organistrum.com\/gl\/wp-json\/wp\/v2\/categoria-mediateca?post=8431"}],"curies":[{"name":"wp","href":"https:\/\/api.w.org\/{rel}","templated":true}]}}