{"id":8848,"date":"2023-04-27T09:33:00","date_gmt":"2023-04-27T07:33:00","guid":{"rendered":"https:\/\/grupo-organistrum.com\/?post_type=mediateca&#038;p=8848"},"modified":"2023-05-25T09:36:20","modified_gmt":"2023-05-25T07:36:20","slug":"presentacion-del-disco-a-musica-para-piano-de-juan-montes","status":"publish","type":"mediateca","link":"https:\/\/grupo-organistrum.com\/gl\/mediateca\/presentacion-del-disco-a-musica-para-piano-de-juan-montes\/","title":{"rendered":"Presentaci\u00f3n do disco\u00a0A m\u00fasica para piano de Juan Montes"},"content":{"rendered":"<div class=\"x_ContentPasted0\">Ilduara Vicente Franqueira, f\u00e1lanos sobre Juan Montes na presentaci\u00f3n do disco<span class=\"x_ContentPasted1\">\u00a0<\/span><i class=\"x_ContentPasted1\">A m\u00fasica para piano de Juan Montes<\/i>, editado por Dos Acordes e coa colaboraci\u00f3n do grupo Organistrum e do I+D+i &#8220;Galicia-Am\u00e9rica: m\u00fasica civil, ideolog\u00eda e identidades culturales a trav\u00e9s del Atl\u00e1ntico (1800-1950)&#8221;.\u00a0<\/div>\n<div>\u00a0<\/div>\n\n\n<figure class=\"wp-block-embed is-provider-youtube wp-block-embed-youtube\"><div class=\"wp-block-embed__wrapper\">\n<iframe title=\"Ilduara Vicente Franqueira: &quot;A m\u00fasica para piano de Juan Montes&quot;\" width=\"1200\" height=\"675\" src=\"https:\/\/www.youtube.com\/embed\/IYIX7_K2t8c?feature=oembed\" frameborder=\"0\" allow=\"accelerometer; autoplay; clipboard-write; encrypted-media; gyroscope; picture-in-picture; web-share\" allowfullscreen><\/iframe>   \n<\/div><\/figure>\n","protected":false},"featured_media":8847,"template":"","meta":{"_acf_changed":false},"categoria-mediateca":[99],"class_list":["post-8848","mediateca","type-mediateca","status-publish","has-post-thumbnail","hentry","categoria-mediateca-arquivo-da-palabra"],"acf":[],"yoast_head":"<!-- This site is optimized with the Yoast SEO plugin v25.2 - https:\/\/yoast.com\/wordpress\/plugins\/seo\/ -->\n<title>Presentaci\u00f3n do disco\u00a0A m\u00fasica para piano de Juan Montes - Organistrum<\/title>\n<meta name=\"robots\" content=\"index, follow, max-snippet:-1, max-image-preview:large, max-video-preview:-1\" \/>\n<link rel=\"canonical\" href=\"https:\/\/grupo-organistrum.com\/gl\/mediateca\/presentacion-del-disco-a-musica-para-piano-de-juan-montes\/\" \/>\n<meta property=\"og:locale\" content=\"gl_ES\" \/>\n<meta property=\"og:type\" content=\"article\" \/>\n<meta property=\"og:title\" content=\"Presentaci\u00f3n do disco\u00a0A m\u00fasica para piano de Juan Montes - Organistrum\" \/>\n<meta property=\"og:description\" content=\"Ilduara Vicente Franqueira, f\u00e1lanos sobre Juan Montes na presentaci\u00f3n do disco\u00a0A m\u00fasica para piano de Juan Montes, editado por Dos Acordes e coa colaboraci\u00f3n do grupo Organistrum e do I+D+i &#8220;Galicia-Am\u00e9rica: m\u00fasica civil, ideolog\u00eda e identidades culturales a trav\u00e9s del Atl\u00e1ntico (1800-1950)&#8221;.\u00a0 \u00a0\" \/>\n<meta property=\"og:url\" content=\"https:\/\/grupo-organistrum.com\/gl\/mediateca\/presentacion-del-disco-a-musica-para-piano-de-juan-montes\/\" \/>\n<meta property=\"og:site_name\" content=\"Organistrum\" \/>\n<meta property=\"article:modified_time\" content=\"2023-05-25T07:36:20+00:00\" \/>\n<meta property=\"og:image\" content=\"https:\/\/grupo-organistrum.com\/wp-content\/uploads\/2023\/05\/FireShot-Capture-131-Ilduara-Vicente-Franqueira_-_A-musica-para-piano-de-Juan-Montes_-Yo_-www.youtube.com_.jpg\" \/>\n\t<meta property=\"og:image:width\" content=\"1037\" \/>\n\t<meta property=\"og:image:height\" content=\"530\" \/>\n\t<meta property=\"og:image:type\" content=\"image\/jpeg\" \/>\n<meta name=\"twitter:card\" content=\"summary_large_image\" \/>\n<meta name=\"twitter:label1\" content=\"Tempo de lectura\" \/>\n\t<meta name=\"twitter:data1\" content=\"1 minuto\" \/>\n<script type=\"application\/ld+json\" class=\"yoast-schema-graph\">{\"@context\":\"https:\/\/schema.org\",\"@graph\":[{\"@type\":\"WebPage\",\"@id\":\"https:\/\/grupo-organistrum.com\/gl\/mediateca\/presentacion-del-disco-a-musica-para-piano-de-juan-montes\/\",\"url\":\"https:\/\/grupo-organistrum.com\/gl\/mediateca\/presentacion-del-disco-a-musica-para-piano-de-juan-montes\/\",\"name\":\"Presentaci\u00f3n do disco\u00a0A m\u00fasica para piano de Juan Montes - Organistrum\",\"isPartOf\":{\"@id\":\"https:\/\/grupo-organistrum.com\/gl\/#website\"},\"primaryImageOfPage\":{\"@id\":\"https:\/\/grupo-organistrum.com\/gl\/mediateca\/presentacion-del-disco-a-musica-para-piano-de-juan-montes\/#primaryimage\"},\"image\":{\"@id\":\"https:\/\/grupo-organistrum.com\/gl\/mediateca\/presentacion-del-disco-a-musica-para-piano-de-juan-montes\/#primaryimage\"},\"thumbnailUrl\":\"https:\/\/grupo-organistrum.com\/wp-content\/uploads\/2023\/05\/FireShot-Capture-131-Ilduara-Vicente-Franqueira_-_A-musica-para-piano-de-Juan-Montes_-Yo_-www.youtube.com_.jpg\",\"datePublished\":\"2023-04-27T07:33:00+00:00\",\"dateModified\":\"2023-05-25T07:36:20+00:00\",\"breadcrumb\":{\"@id\":\"https:\/\/grupo-organistrum.com\/gl\/mediateca\/presentacion-del-disco-a-musica-para-piano-de-juan-montes\/#breadcrumb\"},\"inLanguage\":\"gl-ES\",\"potentialAction\":[{\"@type\":\"ReadAction\",\"target\":[\"https:\/\/grupo-organistrum.com\/gl\/mediateca\/presentacion-del-disco-a-musica-para-piano-de-juan-montes\/\"]}]},{\"@type\":\"ImageObject\",\"inLanguage\":\"gl-ES\",\"@id\":\"https:\/\/grupo-organistrum.com\/gl\/mediateca\/presentacion-del-disco-a-musica-para-piano-de-juan-montes\/#primaryimage\",\"url\":\"https:\/\/grupo-organistrum.com\/wp-content\/uploads\/2023\/05\/FireShot-Capture-131-Ilduara-Vicente-Franqueira_-_A-musica-para-piano-de-Juan-Montes_-Yo_-www.youtube.com_.jpg\",\"contentUrl\":\"https:\/\/grupo-organistrum.com\/wp-content\/uploads\/2023\/05\/FireShot-Capture-131-Ilduara-Vicente-Franqueira_-_A-musica-para-piano-de-Juan-Montes_-Yo_-www.youtube.com_.jpg\",\"width\":1037,\"height\":530},{\"@type\":\"BreadcrumbList\",\"@id\":\"https:\/\/grupo-organistrum.com\/gl\/mediateca\/presentacion-del-disco-a-musica-para-piano-de-juan-montes\/#breadcrumb\",\"itemListElement\":[{\"@type\":\"ListItem\",\"position\":1,\"name\":\"Portada\",\"item\":\"https:\/\/grupo-organistrum.com\/gl\/\"},{\"@type\":\"ListItem\",\"position\":2,\"name\":\"Presentaci\u00f3n do disco\u00a0A m\u00fasica para piano de Juan Montes\"}]},{\"@type\":\"WebSite\",\"@id\":\"https:\/\/grupo-organistrum.com\/gl\/#website\",\"url\":\"https:\/\/grupo-organistrum.com\/gl\/\",\"name\":\"Organistrum\",\"description\":\"Grupo de Investigaci\u00f3n\",\"publisher\":{\"@id\":\"https:\/\/grupo-organistrum.com\/gl\/#organization\"},\"potentialAction\":[{\"@type\":\"SearchAction\",\"target\":{\"@type\":\"EntryPoint\",\"urlTemplate\":\"https:\/\/grupo-organistrum.com\/gl\/?s={search_term_string}\"},\"query-input\":{\"@type\":\"PropertyValueSpecification\",\"valueRequired\":true,\"valueName\":\"search_term_string\"}}],\"inLanguage\":\"gl-ES\"},{\"@type\":\"Organization\",\"@id\":\"https:\/\/grupo-organistrum.com\/gl\/#organization\",\"name\":\"Grupo Organistrum | Grupo de investigaci\u00f3n | GI-2025\",\"url\":\"https:\/\/grupo-organistrum.com\/gl\/\",\"logo\":{\"@type\":\"ImageObject\",\"inLanguage\":\"gl-ES\",\"@id\":\"https:\/\/grupo-organistrum.com\/gl\/#\/schema\/logo\/image\/\",\"url\":\"https:\/\/grupo-organistrum.com\/wp-content\/uploads\/2022\/02\/logo.png\",\"contentUrl\":\"https:\/\/grupo-organistrum.com\/wp-content\/uploads\/2022\/02\/logo.png\",\"width\":464,\"height\":103,\"caption\":\"Grupo Organistrum | Grupo de investigaci\u00f3n | GI-2025\"},\"image\":{\"@id\":\"https:\/\/grupo-organistrum.com\/gl\/#\/schema\/logo\/image\/\"}}]}<\/script>\n<!-- \/ Yoast SEO plugin. -->","yoast_head_json":{"title":"Presentaci\u00f3n do disco\u00a0A m\u00fasica para piano de Juan Montes - Organistrum","robots":{"index":"index","follow":"follow","max-snippet":"max-snippet:-1","max-image-preview":"max-image-preview:large","max-video-preview":"max-video-preview:-1"},"canonical":"https:\/\/grupo-organistrum.com\/gl\/mediateca\/presentacion-del-disco-a-musica-para-piano-de-juan-montes\/","og_locale":"gl_ES","og_type":"article","og_title":"Presentaci\u00f3n do disco\u00a0A m\u00fasica para piano de Juan Montes - Organistrum","og_description":"Ilduara Vicente Franqueira, f\u00e1lanos sobre Juan Montes na presentaci\u00f3n do disco\u00a0A m\u00fasica para piano de Juan Montes, editado por Dos Acordes e coa colaboraci\u00f3n do grupo Organistrum e do I+D+i &#8220;Galicia-Am\u00e9rica: m\u00fasica civil, ideolog\u00eda e identidades culturales a trav\u00e9s del Atl\u00e1ntico (1800-1950)&#8221;.\u00a0 \u00a0","og_url":"https:\/\/grupo-organistrum.com\/gl\/mediateca\/presentacion-del-disco-a-musica-para-piano-de-juan-montes\/","og_site_name":"Organistrum","article_modified_time":"2023-05-25T07:36:20+00:00","og_image":[{"width":1037,"height":530,"url":"https:\/\/grupo-organistrum.com\/wp-content\/uploads\/2023\/05\/FireShot-Capture-131-Ilduara-Vicente-Franqueira_-_A-musica-para-piano-de-Juan-Montes_-Yo_-www.youtube.com_.jpg","type":"image\/jpeg"}],"twitter_card":"summary_large_image","twitter_misc":{"Tempo de lectura":"1 minuto"},"schema":{"@context":"https:\/\/schema.org","@graph":[{"@type":"WebPage","@id":"https:\/\/grupo-organistrum.com\/gl\/mediateca\/presentacion-del-disco-a-musica-para-piano-de-juan-montes\/","url":"https:\/\/grupo-organistrum.com\/gl\/mediateca\/presentacion-del-disco-a-musica-para-piano-de-juan-montes\/","name":"Presentaci\u00f3n do disco\u00a0A m\u00fasica para piano de Juan Montes - Organistrum","isPartOf":{"@id":"https:\/\/grupo-organistrum.com\/gl\/#website"},"primaryImageOfPage":{"@id":"https:\/\/grupo-organistrum.com\/gl\/mediateca\/presentacion-del-disco-a-musica-para-piano-de-juan-montes\/#primaryimage"},"image":{"@id":"https:\/\/grupo-organistrum.com\/gl\/mediateca\/presentacion-del-disco-a-musica-para-piano-de-juan-montes\/#primaryimage"},"thumbnailUrl":"https:\/\/grupo-organistrum.com\/wp-content\/uploads\/2023\/05\/FireShot-Capture-131-Ilduara-Vicente-Franqueira_-_A-musica-para-piano-de-Juan-Montes_-Yo_-www.youtube.com_.jpg","datePublished":"2023-04-27T07:33:00+00:00","dateModified":"2023-05-25T07:36:20+00:00","breadcrumb":{"@id":"https:\/\/grupo-organistrum.com\/gl\/mediateca\/presentacion-del-disco-a-musica-para-piano-de-juan-montes\/#breadcrumb"},"inLanguage":"gl-ES","potentialAction":[{"@type":"ReadAction","target":["https:\/\/grupo-organistrum.com\/gl\/mediateca\/presentacion-del-disco-a-musica-para-piano-de-juan-montes\/"]}]},{"@type":"ImageObject","inLanguage":"gl-ES","@id":"https:\/\/grupo-organistrum.com\/gl\/mediateca\/presentacion-del-disco-a-musica-para-piano-de-juan-montes\/#primaryimage","url":"https:\/\/grupo-organistrum.com\/wp-content\/uploads\/2023\/05\/FireShot-Capture-131-Ilduara-Vicente-Franqueira_-_A-musica-para-piano-de-Juan-Montes_-Yo_-www.youtube.com_.jpg","contentUrl":"https:\/\/grupo-organistrum.com\/wp-content\/uploads\/2023\/05\/FireShot-Capture-131-Ilduara-Vicente-Franqueira_-_A-musica-para-piano-de-Juan-Montes_-Yo_-www.youtube.com_.jpg","width":1037,"height":530},{"@type":"BreadcrumbList","@id":"https:\/\/grupo-organistrum.com\/gl\/mediateca\/presentacion-del-disco-a-musica-para-piano-de-juan-montes\/#breadcrumb","itemListElement":[{"@type":"ListItem","position":1,"name":"Portada","item":"https:\/\/grupo-organistrum.com\/gl\/"},{"@type":"ListItem","position":2,"name":"Presentaci\u00f3n do disco\u00a0A m\u00fasica para piano de Juan Montes"}]},{"@type":"WebSite","@id":"https:\/\/grupo-organistrum.com\/gl\/#website","url":"https:\/\/grupo-organistrum.com\/gl\/","name":"Organistrum","description":"Grupo de Investigaci\u00f3n","publisher":{"@id":"https:\/\/grupo-organistrum.com\/gl\/#organization"},"potentialAction":[{"@type":"SearchAction","target":{"@type":"EntryPoint","urlTemplate":"https:\/\/grupo-organistrum.com\/gl\/?s={search_term_string}"},"query-input":{"@type":"PropertyValueSpecification","valueRequired":true,"valueName":"search_term_string"}}],"inLanguage":"gl-ES"},{"@type":"Organization","@id":"https:\/\/grupo-organistrum.com\/gl\/#organization","name":"Grupo Organistrum | Grupo de investigaci\u00f3n | GI-2025","url":"https:\/\/grupo-organistrum.com\/gl\/","logo":{"@type":"ImageObject","inLanguage":"gl-ES","@id":"https:\/\/grupo-organistrum.com\/gl\/#\/schema\/logo\/image\/","url":"https:\/\/grupo-organistrum.com\/wp-content\/uploads\/2022\/02\/logo.png","contentUrl":"https:\/\/grupo-organistrum.com\/wp-content\/uploads\/2022\/02\/logo.png","width":464,"height":103,"caption":"Grupo Organistrum | Grupo de investigaci\u00f3n | GI-2025"},"image":{"@id":"https:\/\/grupo-organistrum.com\/gl\/#\/schema\/logo\/image\/"}}]}},"_links":{"self":[{"href":"https:\/\/grupo-organistrum.com\/gl\/wp-json\/wp\/v2\/mediateca\/8848","targetHints":{"allow":["GET"]}}],"collection":[{"href":"https:\/\/grupo-organistrum.com\/gl\/wp-json\/wp\/v2\/mediateca"}],"about":[{"href":"https:\/\/grupo-organistrum.com\/gl\/wp-json\/wp\/v2\/types\/mediateca"}],"wp:featuredmedia":[{"embeddable":true,"href":"https:\/\/grupo-organistrum.com\/gl\/wp-json\/wp\/v2\/media\/8847"}],"wp:attachment":[{"href":"https:\/\/grupo-organistrum.com\/gl\/wp-json\/wp\/v2\/media?parent=8848"}],"wp:term":[{"taxonomy":"categoria-mediateca","embeddable":true,"href":"https:\/\/grupo-organistrum.com\/gl\/wp-json\/wp\/v2\/categoria-mediateca?post=8848"}],"curies":[{"name":"wp","href":"https:\/\/api.w.org\/{rel}","templated":true}]}}