{"id":9547,"date":"2023-04-27T16:17:00","date_gmt":"2023-04-27T14:17:00","guid":{"rendered":"https:\/\/grupo-organistrum.com\/mediateca\/obras-para-piano-a-4-manos-javier-ares-y-jorge-briones-piano\/"},"modified":"2024-10-17T18:45:04","modified_gmt":"2024-10-17T16:45:04","slug":"obras-para-piano-a-4-manos-javier-ares-y-jorge-briones-piano","status":"publish","type":"mediateca","link":"https:\/\/grupo-organistrum.com\/gl\/mediateca\/obras-para-piano-a-4-manos-javier-ares-y-jorge-briones-piano\/","title":{"rendered":"Juan Montes. Obras para piano a 4 mans (Javier Ares e Jorge Briones, piano)"},"content":{"rendered":"\n<div class=\"wp-block-group is-vertical is-layout-flex wp-container-core-group-is-layout-8cf370e7 wp-block-group-is-layout-flex\">\n<p>Presentaci\u00f3n no Paraninfo da Universidade de Santiago de Compostela deo disco <em>Juan Montes Cap\u00f3n: obra para piano<\/em>, interpretado por Javier Ares, Jorge Briones ePablo Diago. Editado por Dos Acordes e coa colaboraci\u00f3n do Grupo de Investigaci\u00f3n <em>Organistrum<\/em> e o I+D+i &#8220;Galicia-Am\u00e9rica: M\u00fasica civil, ideolog\u00eda e identidades culturales a trav\u00e9s del Atl\u00e1ntico (1800-1950)&#8221; (REF: PID2020-115496RB-I00).<\/p>\n\n\n\n<p><\/p>\n\n\n\n<p><em>Programa<\/em><\/p>\n\n\n\n<p>Vals en Sol M<\/p>\n\n\n\n<p>Mazurka en Do M<\/p>\n\n\n\n<p>Bailados: Mazurka en Si b M<\/p>\n\n\n\n<p><\/p>\n<\/div>\n\n\n\n<figure class=\"wp-block-embed is-type-video is-provider-youtube wp-block-embed-youtube wp-embed-aspect-16-9 wp-has-aspect-ratio\"><div class=\"wp-block-embed__wrapper\">\n<iframe title=\"Obras para piano a 4 manos - Juan Montes (Javier Ares y Jorge Briones, piano)\" width=\"1200\" height=\"675\" src=\"https:\/\/www.youtube.com\/embed\/BSy1-EaDqZ0?feature=oembed\" frameborder=\"0\" allow=\"accelerometer; autoplay; clipboard-write; encrypted-media; gyroscope; picture-in-picture; web-share\" referrerpolicy=\"strict-origin-when-cross-origin\" allowfullscreen><\/iframe>\n<\/div><\/figure>\n","protected":false},"featured_media":9546,"template":"","meta":{"_acf_changed":true},"categoria-mediateca":[101],"class_list":["post-9547","mediateca","type-mediateca","status-publish","has-post-thumbnail","hentry","categoria-mediateca-audiovisuais"],"acf":[],"yoast_head":"<!-- This site is optimized with the Yoast SEO plugin v25.2 - https:\/\/yoast.com\/wordpress\/plugins\/seo\/ -->\n<title>Juan Montes. Obras para piano a 4 mans (Javier Ares e Jorge Briones, piano) - Organistrum<\/title>\n<meta name=\"robots\" content=\"index, follow, max-snippet:-1, max-image-preview:large, max-video-preview:-1\" \/>\n<link rel=\"canonical\" href=\"https:\/\/grupo-organistrum.com\/gl\/mediateca\/obras-para-piano-a-4-manos-javier-ares-y-jorge-briones-piano\/\" \/>\n<meta property=\"og:locale\" content=\"gl_ES\" \/>\n<meta property=\"og:type\" content=\"article\" \/>\n<meta property=\"og:title\" content=\"Juan Montes. Obras para piano a 4 mans (Javier Ares e Jorge Briones, piano) - Organistrum\" \/>\n<meta property=\"og:description\" content=\"Presentaci\u00f3n no Paraninfo da Universidade de Santiago de Compostela deo disco Juan Montes Cap\u00f3n: obra para piano, interpretado por Javier Ares, Jorge Briones ePablo Diago. Editado por Dos Acordes e coa colaboraci\u00f3n do Grupo de Investigaci\u00f3n Organistrum e o I+D+i &#8220;Galicia-Am\u00e9rica: M\u00fasica civil, ideolog\u00eda e identidades culturales a trav\u00e9s del Atl\u00e1ntico (1800-1950)&#8221; (REF: PID2020-115496RB-I00). Programa ... Ler m\u00e1is\" \/>\n<meta property=\"og:url\" content=\"https:\/\/grupo-organistrum.com\/gl\/mediateca\/obras-para-piano-a-4-manos-javier-ares-y-jorge-briones-piano\/\" \/>\n<meta property=\"og:site_name\" content=\"Organistrum\" \/>\n<meta property=\"article:modified_time\" content=\"2024-10-17T16:45:04+00:00\" \/>\n<meta property=\"og:image\" content=\"https:\/\/grupo-organistrum.com\/wp-content\/uploads\/2024\/10\/SharedScreenshot-1.jpg\" \/>\n\t<meta property=\"og:image:width\" content=\"1038\" \/>\n\t<meta property=\"og:image:height\" content=\"574\" \/>\n\t<meta property=\"og:image:type\" content=\"image\/jpeg\" \/>\n<meta name=\"twitter:card\" content=\"summary_large_image\" \/>\n<meta name=\"twitter:label1\" content=\"Tempo de lectura\" \/>\n\t<meta name=\"twitter:data1\" content=\"1 minuto\" \/>\n<script type=\"application\/ld+json\" class=\"yoast-schema-graph\">{\"@context\":\"https:\/\/schema.org\",\"@graph\":[{\"@type\":\"WebPage\",\"@id\":\"https:\/\/grupo-organistrum.com\/gl\/mediateca\/obras-para-piano-a-4-manos-javier-ares-y-jorge-briones-piano\/\",\"url\":\"https:\/\/grupo-organistrum.com\/gl\/mediateca\/obras-para-piano-a-4-manos-javier-ares-y-jorge-briones-piano\/\",\"name\":\"Juan Montes. Obras para piano a 4 mans (Javier Ares e Jorge Briones, piano) - Organistrum\",\"isPartOf\":{\"@id\":\"https:\/\/grupo-organistrum.com\/gl\/#website\"},\"primaryImageOfPage\":{\"@id\":\"https:\/\/grupo-organistrum.com\/gl\/mediateca\/obras-para-piano-a-4-manos-javier-ares-y-jorge-briones-piano\/#primaryimage\"},\"image\":{\"@id\":\"https:\/\/grupo-organistrum.com\/gl\/mediateca\/obras-para-piano-a-4-manos-javier-ares-y-jorge-briones-piano\/#primaryimage\"},\"thumbnailUrl\":\"https:\/\/grupo-organistrum.com\/wp-content\/uploads\/2024\/10\/SharedScreenshot-1.jpg\",\"datePublished\":\"2023-04-27T14:17:00+00:00\",\"dateModified\":\"2024-10-17T16:45:04+00:00\",\"breadcrumb\":{\"@id\":\"https:\/\/grupo-organistrum.com\/gl\/mediateca\/obras-para-piano-a-4-manos-javier-ares-y-jorge-briones-piano\/#breadcrumb\"},\"inLanguage\":\"gl-ES\",\"potentialAction\":[{\"@type\":\"ReadAction\",\"target\":[\"https:\/\/grupo-organistrum.com\/gl\/mediateca\/obras-para-piano-a-4-manos-javier-ares-y-jorge-briones-piano\/\"]}]},{\"@type\":\"ImageObject\",\"inLanguage\":\"gl-ES\",\"@id\":\"https:\/\/grupo-organistrum.com\/gl\/mediateca\/obras-para-piano-a-4-manos-javier-ares-y-jorge-briones-piano\/#primaryimage\",\"url\":\"https:\/\/grupo-organistrum.com\/wp-content\/uploads\/2024\/10\/SharedScreenshot-1.jpg\",\"contentUrl\":\"https:\/\/grupo-organistrum.com\/wp-content\/uploads\/2024\/10\/SharedScreenshot-1.jpg\",\"width\":1038,\"height\":574},{\"@type\":\"BreadcrumbList\",\"@id\":\"https:\/\/grupo-organistrum.com\/gl\/mediateca\/obras-para-piano-a-4-manos-javier-ares-y-jorge-briones-piano\/#breadcrumb\",\"itemListElement\":[{\"@type\":\"ListItem\",\"position\":1,\"name\":\"Portada\",\"item\":\"https:\/\/grupo-organistrum.com\/gl\/\"},{\"@type\":\"ListItem\",\"position\":2,\"name\":\"Juan Montes. Obras para piano a 4 mans (Javier Ares e Jorge Briones, piano)\"}]},{\"@type\":\"WebSite\",\"@id\":\"https:\/\/grupo-organistrum.com\/gl\/#website\",\"url\":\"https:\/\/grupo-organistrum.com\/gl\/\",\"name\":\"Organistrum\",\"description\":\"Grupo de Investigaci\u00f3n\",\"publisher\":{\"@id\":\"https:\/\/grupo-organistrum.com\/gl\/#organization\"},\"potentialAction\":[{\"@type\":\"SearchAction\",\"target\":{\"@type\":\"EntryPoint\",\"urlTemplate\":\"https:\/\/grupo-organistrum.com\/gl\/?s={search_term_string}\"},\"query-input\":{\"@type\":\"PropertyValueSpecification\",\"valueRequired\":true,\"valueName\":\"search_term_string\"}}],\"inLanguage\":\"gl-ES\"},{\"@type\":\"Organization\",\"@id\":\"https:\/\/grupo-organistrum.com\/gl\/#organization\",\"name\":\"Grupo Organistrum | Grupo de investigaci\u00f3n | GI-2025\",\"url\":\"https:\/\/grupo-organistrum.com\/gl\/\",\"logo\":{\"@type\":\"ImageObject\",\"inLanguage\":\"gl-ES\",\"@id\":\"https:\/\/grupo-organistrum.com\/gl\/#\/schema\/logo\/image\/\",\"url\":\"https:\/\/grupo-organistrum.com\/wp-content\/uploads\/2022\/02\/logo.png\",\"contentUrl\":\"https:\/\/grupo-organistrum.com\/wp-content\/uploads\/2022\/02\/logo.png\",\"width\":464,\"height\":103,\"caption\":\"Grupo Organistrum | Grupo de investigaci\u00f3n | GI-2025\"},\"image\":{\"@id\":\"https:\/\/grupo-organistrum.com\/gl\/#\/schema\/logo\/image\/\"}}]}<\/script>\n<!-- \/ Yoast SEO plugin. -->","yoast_head_json":{"title":"Juan Montes. Obras para piano a 4 mans (Javier Ares e Jorge Briones, piano) - Organistrum","robots":{"index":"index","follow":"follow","max-snippet":"max-snippet:-1","max-image-preview":"max-image-preview:large","max-video-preview":"max-video-preview:-1"},"canonical":"https:\/\/grupo-organistrum.com\/gl\/mediateca\/obras-para-piano-a-4-manos-javier-ares-y-jorge-briones-piano\/","og_locale":"gl_ES","og_type":"article","og_title":"Juan Montes. Obras para piano a 4 mans (Javier Ares e Jorge Briones, piano) - Organistrum","og_description":"Presentaci\u00f3n no Paraninfo da Universidade de Santiago de Compostela deo disco Juan Montes Cap\u00f3n: obra para piano, interpretado por Javier Ares, Jorge Briones ePablo Diago. Editado por Dos Acordes e coa colaboraci\u00f3n do Grupo de Investigaci\u00f3n Organistrum e o I+D+i &#8220;Galicia-Am\u00e9rica: M\u00fasica civil, ideolog\u00eda e identidades culturales a trav\u00e9s del Atl\u00e1ntico (1800-1950)&#8221; (REF: PID2020-115496RB-I00). Programa ... Ler m\u00e1is","og_url":"https:\/\/grupo-organistrum.com\/gl\/mediateca\/obras-para-piano-a-4-manos-javier-ares-y-jorge-briones-piano\/","og_site_name":"Organistrum","article_modified_time":"2024-10-17T16:45:04+00:00","og_image":[{"width":1038,"height":574,"url":"https:\/\/grupo-organistrum.com\/wp-content\/uploads\/2024\/10\/SharedScreenshot-1.jpg","type":"image\/jpeg"}],"twitter_card":"summary_large_image","twitter_misc":{"Tempo de lectura":"1 minuto"},"schema":{"@context":"https:\/\/schema.org","@graph":[{"@type":"WebPage","@id":"https:\/\/grupo-organistrum.com\/gl\/mediateca\/obras-para-piano-a-4-manos-javier-ares-y-jorge-briones-piano\/","url":"https:\/\/grupo-organistrum.com\/gl\/mediateca\/obras-para-piano-a-4-manos-javier-ares-y-jorge-briones-piano\/","name":"Juan Montes. Obras para piano a 4 mans (Javier Ares e Jorge Briones, piano) - Organistrum","isPartOf":{"@id":"https:\/\/grupo-organistrum.com\/gl\/#website"},"primaryImageOfPage":{"@id":"https:\/\/grupo-organistrum.com\/gl\/mediateca\/obras-para-piano-a-4-manos-javier-ares-y-jorge-briones-piano\/#primaryimage"},"image":{"@id":"https:\/\/grupo-organistrum.com\/gl\/mediateca\/obras-para-piano-a-4-manos-javier-ares-y-jorge-briones-piano\/#primaryimage"},"thumbnailUrl":"https:\/\/grupo-organistrum.com\/wp-content\/uploads\/2024\/10\/SharedScreenshot-1.jpg","datePublished":"2023-04-27T14:17:00+00:00","dateModified":"2024-10-17T16:45:04+00:00","breadcrumb":{"@id":"https:\/\/grupo-organistrum.com\/gl\/mediateca\/obras-para-piano-a-4-manos-javier-ares-y-jorge-briones-piano\/#breadcrumb"},"inLanguage":"gl-ES","potentialAction":[{"@type":"ReadAction","target":["https:\/\/grupo-organistrum.com\/gl\/mediateca\/obras-para-piano-a-4-manos-javier-ares-y-jorge-briones-piano\/"]}]},{"@type":"ImageObject","inLanguage":"gl-ES","@id":"https:\/\/grupo-organistrum.com\/gl\/mediateca\/obras-para-piano-a-4-manos-javier-ares-y-jorge-briones-piano\/#primaryimage","url":"https:\/\/grupo-organistrum.com\/wp-content\/uploads\/2024\/10\/SharedScreenshot-1.jpg","contentUrl":"https:\/\/grupo-organistrum.com\/wp-content\/uploads\/2024\/10\/SharedScreenshot-1.jpg","width":1038,"height":574},{"@type":"BreadcrumbList","@id":"https:\/\/grupo-organistrum.com\/gl\/mediateca\/obras-para-piano-a-4-manos-javier-ares-y-jorge-briones-piano\/#breadcrumb","itemListElement":[{"@type":"ListItem","position":1,"name":"Portada","item":"https:\/\/grupo-organistrum.com\/gl\/"},{"@type":"ListItem","position":2,"name":"Juan Montes. Obras para piano a 4 mans (Javier Ares e Jorge Briones, piano)"}]},{"@type":"WebSite","@id":"https:\/\/grupo-organistrum.com\/gl\/#website","url":"https:\/\/grupo-organistrum.com\/gl\/","name":"Organistrum","description":"Grupo de Investigaci\u00f3n","publisher":{"@id":"https:\/\/grupo-organistrum.com\/gl\/#organization"},"potentialAction":[{"@type":"SearchAction","target":{"@type":"EntryPoint","urlTemplate":"https:\/\/grupo-organistrum.com\/gl\/?s={search_term_string}"},"query-input":{"@type":"PropertyValueSpecification","valueRequired":true,"valueName":"search_term_string"}}],"inLanguage":"gl-ES"},{"@type":"Organization","@id":"https:\/\/grupo-organistrum.com\/gl\/#organization","name":"Grupo Organistrum | Grupo de investigaci\u00f3n | GI-2025","url":"https:\/\/grupo-organistrum.com\/gl\/","logo":{"@type":"ImageObject","inLanguage":"gl-ES","@id":"https:\/\/grupo-organistrum.com\/gl\/#\/schema\/logo\/image\/","url":"https:\/\/grupo-organistrum.com\/wp-content\/uploads\/2022\/02\/logo.png","contentUrl":"https:\/\/grupo-organistrum.com\/wp-content\/uploads\/2022\/02\/logo.png","width":464,"height":103,"caption":"Grupo Organistrum | Grupo de investigaci\u00f3n | GI-2025"},"image":{"@id":"https:\/\/grupo-organistrum.com\/gl\/#\/schema\/logo\/image\/"}}]}},"_links":{"self":[{"href":"https:\/\/grupo-organistrum.com\/gl\/wp-json\/wp\/v2\/mediateca\/9547","targetHints":{"allow":["GET"]}}],"collection":[{"href":"https:\/\/grupo-organistrum.com\/gl\/wp-json\/wp\/v2\/mediateca"}],"about":[{"href":"https:\/\/grupo-organistrum.com\/gl\/wp-json\/wp\/v2\/types\/mediateca"}],"wp:featuredmedia":[{"embeddable":true,"href":"https:\/\/grupo-organistrum.com\/gl\/wp-json\/wp\/v2\/media\/9546"}],"wp:attachment":[{"href":"https:\/\/grupo-organistrum.com\/gl\/wp-json\/wp\/v2\/media?parent=9547"}],"wp:term":[{"taxonomy":"categoria-mediateca","embeddable":true,"href":"https:\/\/grupo-organistrum.com\/gl\/wp-json\/wp\/v2\/categoria-mediateca?post=9547"}],"curies":[{"name":"wp","href":"https:\/\/api.w.org\/{rel}","templated":true}]}}