{"id":7391,"date":"2022-06-06T11:16:39","date_gmt":"2022-06-06T09:16:39","guid":{"rendered":"https:\/\/grupo-organistrum.com\/bibliografia-mapa-sonoro-santiago\/"},"modified":"2022-06-22T14:22:57","modified_gmt":"2022-06-22T12:22:57","slug":"bibliografia-mapa-sonoro-santiago","status":"publish","type":"page","link":"https:\/\/grupo-organistrum.com\/gl\/bibliografia-mapa-sonoro-santiago\/","title":{"rendered":"Bibliograf\u00eda Mapa sonoro Santiago"},"content":{"rendered":"\n<p><strong>ARCHIVOS Y BIBLIOTECAS CON FUENTES PRIMARIAS AL RESPECTO:<\/strong><\/p>\n\n<p>-Archivo de la Catedral de Santiago de Compostela<br\/>-Archivo Hist\u00f3rico Universitario de Santiago<br\/>-Archivo del Reino de Galicia<br\/>-Biblioteca de Galicia<br\/>-Biblioteca Xeral de la Universidade de Santiago de Compostela<br\/>-Biblioteca de la Fundaci\u00f3n Penzol<br\/>-Biblioteca Hist\u00f3rica Municipal de Madrid<br\/>-Biblioteca Nacional de Espa\u00f1a<\/p>\n\n<p><strong>BIBLIOGRAF\u00cdA:<\/strong><br\/><br\/>Al\u00e9n Garabato, M.P. (1985): \u201cUn s\u00edntoma de la crisis del italianismo en la m\u00fasica religiosa espa\u00f1ola: el ataque del arzobispo Bocanegra a Buono Chiodi (1778)\u201d, <em>Recerca musicol\u00f2gica<\/em>, n. 5, pp. 45-83.<\/p>\n\n<p>Al\u00e9n Garabato, M.P. (1987): \u201cIntegraci\u00f3n de los m\u00fasicos de la catedral en la sociedad compostelana a comienzos del siglo XIX\u201d, <em>Compostellanum<\/em>, vol. 22, n. 3-4, pp. 561-573.<\/p>\n\n<p>Al\u00e9n Garabato, M.P. (1987): \u201cM\u00fasicos italianos en la catedral de Santiago durante el magisterio de Melchor L\u00f3pez (1784-1822)\u201d, en <em>Jubilatio: homenaje de la Facultad de Geograf\u00eda e Historia a los profesores Don Manuel Lucas \u00c1lvarez y Don \u00c1ngel Rodr\u00edguez Gonz\u00e1lez<\/em>, Santiago de Compostela, Universidade de Santiago de Compostela, pp. 751-757.<\/p>\n\n<p>Al\u00e9n Garabato, M.P. (1987): \u201cSituaci\u00f3n econ\u00f3mica de la capilla de m\u00fasica de la catedral de Santiago de Compostela (1760-1820)\u201d, <em>Revista de Musicolog\u00eda<\/em>, vol. 10, n. 1, pp. 221-239.<\/p>\n\n<p>Al\u00e9n Garabato, M.P. (1990): \u201cLa crisis del villancico en las catedrales espa\u00f1olas en la transici\u00f3n del siglo XVIII al siglo XIX\u201d, en <em>De musica hispana et aliis: miscel\u00e1nea en homenaje al Profesor Doctor Jos\u00e9 L\u00f3pez Calo en su 65 cumplea\u00f1os<\/em>, Emilio Casares y Carlos Villanueva (coords.), Santiago de Compostela, Universidade de Santiago de Compostela, vol. II, pp. 7-25.<\/p>\n\n<p>Al\u00e9n Garabato, M.P. (1992): <em>El compositor italiano Buono Chiodi y su magisterio en Santiago de Compostela<\/em>, Tesis Doctoral, Rosario \u00c1lvarez (dir.), La Laguna, Universidad de La Laguna.<\/p>\n\n<p>Al\u00e9n Garabato, M.P. (1993): \u201cEl Cabildo de Santiago ante dos alternativas: \u00bfm\u00fasicos italianizados o m\u00fasicos italianos? (1767-1770)\u201d, <em>Nassarre: revista aragonesa de musicolog\u00eda<\/em>, vol. 9, n. 1, pp. 9-32.<\/p>\n\n<p>Al\u00e9n Garabato, M.P. (1994): \u201cM\u00fasicos italianos en la Catedral de Santiago de Compostela (ca. 1760-1810)\u201d, <em>Revista de Musicolog\u00eda<\/em>, vol. 17, n. 1-2, pp. 61-96.<\/p>\n\n<p>Al\u00e9n Garabato, M.P. (1995): \u201cEl tenor italiano Pietro Ricci en Santiago de Compostela\u201d, <em>Cuadernos de Arte de la Universidad de Granada<\/em>, n. 26, pp. 151-155.<\/p>\n\n<p>Al\u00e9n Garabato, M.P. (1995): <em>La capilla de m\u00fasica de la Catedral de Santiago de Compostela: renovaci\u00f3n y apogeo de una etapa privilegiada (1770-1808)<\/em>, Sada, Edici\u00f3s do Castro.<\/p>\n\n<p>Al\u00e9n Garabato, M.P. (2007): \u201cControversias en torno a la teor\u00eda y la pr\u00e1ctica musical en las capillas catedralicias espa\u00f1olas en el siglo XVIII\u201d, <em>Quintana<\/em>, n. 1, pp. 143-151.<\/p>\n\n<p>Al\u00e9n Garabato, M.P. (2009): \u201cDe Venecia a Compostela: Cos\u00ed el mondo caminando diremo cantando che la birba e un bel mestier\u2026\u201d, <em>Semata: ciencias sociais e humanidades<\/em>, vol. 21, pp. 287-311.<\/p>\n\n<p>Al\u00e9n Garabato, M.P. (2009): \u201cEl poema sacro melo-dram\u00e1tico de Buono Chiodi (Santiago de Compostela, 1773)\u201d, <em>Anuario Musical<\/em>, 64, pp. 215-236.<\/p>\n\n<p>Al\u00e9n Garabato, M.P. (2009): \u201cLa m\u00fasica en las comunidades religiosas de Santiago de Compostela: aportaciones para un estudio necesario\u201d, en <em>Galicia mon\u00e1stica. Estudios en lembranza da profesora Mar\u00eda Jos\u00e9 Portela Silva<\/em>, Raquel Casal, Jos\u00e9 Miguel Andrade y Roberto L\u00f3pez (coords.), Santiago de Compostela, Universidade de Santiago de Compostela, pp. 409-432.<\/p>\n\n<p>Al\u00e9n Garabato, M.P. (2010): \u201cM\u00fasica y catedrales: las \u00f3peras de Buono Chiodi, un singular legado al margen del culto religioso\u201d, <em>Semata, ciencias sociales y humanidades<\/em>, n. 22, pp. 473-494.<\/p>\n\n<p>Al\u00e9n, P. (1999). \u201cChiodi, Buono Giuseppe\u201d en <em>Dicionario da m\u00fasica espa\u00f1ola e hispanoamericana,<\/em> Emilio Casares (dir.), Madrid, Sociedad General de Auotres y Editores, vol. 3, pp. 652-658.<\/p>\n\n<p>Carreira Antelo, X.M. (1990): \u201cEl teatro de \u00f3pera en la Pen\u00ednsula Ib\u00e9rica ca. 1750-1775. Nicol\u00e1 Setaro\u201d, en <em>De musica hispanis et aliis<\/em>, Emilio Casares y Carlos Villanueva (coords.), Santiago de Compostela, Universidade de Santiago de Compostela, pp. 27-117.<\/p>\n\n<p>Freixeiro Mato, X.R. (1996): <em>Os S\u00e9culos Escuros e a Ilustraci\u00f3n galega: antolox\u00eda<\/em>, Vigo, A Nosa Terra.<\/p>\n\n<p>Garbayo Montabes, F.J. (1996): <em>La viola y su m\u00fasica en la catedral de Santiago entre el barroco y el clasicismo<\/em>, Tesis Doctoral, Jos\u00e9 L\u00f3pez-Calo (dir.), Santiago de Compostela, Universidade de Santiago de Compostela.<\/p>\n\n<p>Garbayo Montabes, F.J. (1998): \u201cLa crisis de la capilla de m\u00fasica de la Catedral de Santiago de Compostela durante los \u00faltimos a\u00f1os del magisterio de Melchor L\u00f3pez (1808-1822)\u201d, en <em>Universitas. Homenaje a Antonio Eiras Roel<\/em>, Camilo Fern\u00e1ndez, Domingo Gonz\u00e1lez y Enrique Mart\u00ednez (coords.), Santiago de Compostela, Universidade de Santiago de Compostela, vol. 2, pp. 217-234.<\/p>\n\n<p>Garbayo Montabes, F.J. (2007): \u201cLa viola en el \u00e1mbito eclesi\u00e1stico hispano: la orquesta de la capilla de m\u00fasica de la Catedral de Santiago de Compostela y el uso de dos violas en la m\u00fasica del Maestro Melchor L\u00f3pez (1783-1822)\u201d, <em>Anuario Musical<\/em>, n. 62, pp. 229-256.<\/p>\n\n<p>Garbayo Montabes, F.J. (2013): \u201cEstilo galante y sinfon\u00edas de F.J. Haydn en la capilla de m\u00fasica de la Catedral de Santiago de Compostela durante el magisterio de Melchor L\u00f3pez (1783-1822): la renovaci\u00f3n del repertorio instrumental\u201d, <em>Anuario musical<\/em>, n. 68, pp. 263-292.<\/p>\n\n<p>Iglesias Blanco, A.S. (2008): <em>La casa de Amarante, siglos XVI-XIX<\/em>, Tesis Doctoral, Pegerto Saavedra (dir.), Santiago de Compostela, Universidade de Santiago de Compostela.<\/p>\n\n<p>L\u00f3pez-Calo, J. (1972). <em>Cat\u00e1logo Musical do Arquivo da Santa Iglesia Catedral de Santiago<\/em>, Cuenca, Edici\u00f3ns do Instituto de M\u00fasica Religiosa.<\/p>\n\n<p>L\u00f3pez-Calo, J. (1999). \u201cL\u00f3pez Jim\u00e9nez, Melchor\u201d en <em>Dicionario da m\u00fasica espa\u00f1ola e hispanoamericana,<\/em> Emilio Casares (dir.), Madrid, Sociedad General de Auotres y Editores, vol. 6, pp. 1021-1025.<\/p>\n\n<p>L\u00f3pez Cobas, L. (2013): <em>Historia da M\u00fasica en Galicia<\/em>, Sarria, Ouvirmos.<\/p>\n\n<p>Mari\u00f1o Paz, R. et al. (2008): <em>Pap\u00e9s d\u2019emprenta condenada : a escrita galega entre 1797 e 1846<\/em>, Santiago de Compostela, Consello da Cultura Galega.<\/p>\n\n<p>S\u00e1nchez Garc\u00eda, J.A. (1993): <em>Arquitectura teatral en Santiago de Compostela (1768-1946)<\/em>, Sada, Edici\u00f3s do Castro.<\/p>\n\n<p>S\u00e1nchez Garc\u00eda, J.A. (1997): <em>La arquitectura teatral en Galicia<\/em>, A Coru\u00f1a, Fundaci\u00f3n Pedro Barri\u00e9 de la Maza.<\/p>\n\n<p>Trillo, J. y Villanueva Abelairas, C. (1980): <em>Vilancicos galegos da Catedral de Santiago, <\/em>Sada, Edici\u00f3s do Castro.<\/p>\n\n<p>Trillo, J. (1982): \u201cGrandeza y decadencia de las capillas de m\u00fasica\u201d, <em>Ritmo<\/em>, n. \u00ba 527, pp. 20-24.<\/p>\n\n<p>Trillo, J. y Villanueva Abelairas, C. (1987): <em>La m\u00fasica en la Catedral de Tui<\/em>, A Coru\u00f1a, Diputaci\u00f3n de A Coru\u00f1a.<\/p>\n\n<p>Vigo Trasancos, A.M. et al (2011): <em>Galicia y el siglo XVIII. Planos y dibujos de Arquitectura y urbanismo (1701-1800)<\/em>, A Coru\u00f1a, Fundaci\u00f3n Pedro Barri\u00e9 de la Maza.<\/p>\n\n<p>Vigo Trasancos, A.M. y V\u00e1zquez Castro, J. (2021): \u201cSantiago de Compostela en 1759. La proclamaci\u00f3n de Carlos III en la aguda pluma del Cura de Fru\u00edme, Diego Cernadas de Castro\u201d, <em>Quintana: revista do Departamento de Historia da Arte<\/em>, n. 20, pp. 1-13.<\/p>\n\n<p>Villanueva Abelairas, C. (1989): <em>Los villancicos gallegos de la Catedral de Mondo\u00f1edo<\/em>, Tesis Doctoral, Jos\u00e9 L\u00f3pez-Calo (dir.), Santiago de Compostela, Universidade de Santiago de Compostela.<\/p>\n\n<p>Villanueva Abelairas, C. (1994): <em>Los villancicos gallegos<\/em>, A Coru\u00f1a, Fundaci\u00f3n Pedro Barri\u00e9 de la Maza.<\/p>\n\n<p>Villanueva Abelairas, C. (2002): \u201cLos villancicos de los siglos XVII y XVIII como cr\u00f3nica de la vida diaria\u201d, en <em>Universitas. Homenaje a Antonio Eiras Roel<\/em>, Camilo Fern\u00e1ndez, Domingo Gonz\u00e1lez y Enrique Mart\u00ednez (coords.), Santiago de Compostela, Universidade de Santiago de Compostela, vol. 2, pp. 203-216.<\/p>\n\n<p>Villanueva Abelairas, C. (2009): \u201cRelaciones de la m\u00fasica espa\u00f1ola con Portugal y Am\u00e9rica\u201d, <em>Revista de Musicolog\u00eda<\/em>, vol. 32, n. 1, pp. 123-143.<\/p>\n\n<p>Villanueva Abelairas, C. (2011): \u201cContra los villancicos de Nochebuena, o la gran fiesta al Dios que se hace hombre\u201d, en <em>Cerimonial, fiesta y liturgia en la Catedral de Santiago: 800 Aniversario Catedral de Santiago<\/em>, Ram\u00f3n Yzquierdo et al (coords.), Santiago, Consorcio de Santiago y Cabildo de la Catedral de Santiago, pp. 278-294.<\/p>\n\n<p>Villanueva Abelairas, C. (2013): \u201c<em>\u00a1Santiago y a ellos! <\/em>Fiestas reales en Compostela durante el magisterio de Jos\u00e9 de Vaquedano, maestro de capilla de la catedral (1681-1711)\u201d, <em>Sebasti\u00e1n Dur\u00f3n y la m\u00fasica de su \u00e9poca<\/em>, Paulino Capdep\u00f3n y Juan Jos\u00e9 Pastor (eds.), Pontevedra, Academia del Hispanismo, pp. 161-186.<\/p>\n","protected":false},"excerpt":{"rendered":"<p>ARCHIVOS Y BIBLIOTECAS CON FUENTES PRIMARIAS AL RESPECTO: -Archivo de la Catedral de Santiago de Compostela-Archivo Hist\u00f3rico Universitario de Santiago-Archivo del Reino de Galicia-Biblioteca de Galicia-Biblioteca Xeral de la Universidade de Santiago de Compostela-Biblioteca de la Fundaci\u00f3n Penzol-Biblioteca Hist\u00f3rica Municipal de Madrid-Biblioteca Nacional de Espa\u00f1a BIBLIOGRAF\u00cdA: Al\u00e9n Garabato, M.P. (1985): \u201cUn s\u00edntoma de la crisis &#8230; <a title=\"Bibliograf\u00eda Mapa sonoro Santiago\" class=\"read-more\" href=\"https:\/\/grupo-organistrum.com\/gl\/bibliografia-mapa-sonoro-santiago\/\" aria-label=\"Le m\u00e1is sobre Bibliograf\u00eda Mapa sonoro Santiago\">Ler m\u00e1is<\/a><\/p>\n","protected":false},"author":1,"featured_media":0,"parent":0,"menu_order":0,"comment_status":"closed","ping_status":"closed","template":"","meta":{"_acf_changed":false,"footnotes":""},"class_list":["post-7391","page","type-page","status-publish"],"acf":[],"yoast_head":"<!-- This site is optimized with the Yoast SEO plugin v25.2 - https:\/\/yoast.com\/wordpress\/plugins\/seo\/ -->\n<title>Bibliograf\u00eda Mapa sonoro Santiago - Organistrum<\/title>\n<meta name=\"robots\" content=\"noindex, nofollow\" \/>\n<meta property=\"og:locale\" content=\"gl_ES\" \/>\n<meta property=\"og:type\" content=\"article\" \/>\n<meta property=\"og:title\" content=\"Bibliograf\u00eda Mapa sonoro Santiago - Organistrum\" \/>\n<meta property=\"og:description\" content=\"ARCHIVOS Y BIBLIOTECAS CON FUENTES PRIMARIAS AL RESPECTO: -Archivo de la Catedral de Santiago de Compostela-Archivo Hist\u00f3rico Universitario de Santiago-Archivo del Reino de Galicia-Biblioteca de Galicia-Biblioteca Xeral de la Universidade de Santiago de Compostela-Biblioteca de la Fundaci\u00f3n Penzol-Biblioteca Hist\u00f3rica Municipal de Madrid-Biblioteca Nacional de Espa\u00f1a BIBLIOGRAF\u00cdA: Al\u00e9n Garabato, M.P. (1985): \u201cUn s\u00edntoma de la crisis ... Ler m\u00e1is\" \/>\n<meta property=\"og:url\" content=\"https:\/\/grupo-organistrum.com\/gl\/bibliografia-mapa-sonoro-santiago\/\" \/>\n<meta property=\"og:site_name\" content=\"Organistrum\" \/>\n<meta property=\"article:modified_time\" content=\"2022-06-22T12:22:57+00:00\" \/>\n<meta name=\"twitter:card\" content=\"summary_large_image\" \/>\n<meta name=\"twitter:label1\" content=\"Tempo de lectura\" \/>\n\t<meta name=\"twitter:data1\" content=\"7 minutos\" \/>\n<script type=\"application\/ld+json\" class=\"yoast-schema-graph\">{\"@context\":\"https:\/\/schema.org\",\"@graph\":[{\"@type\":\"WebPage\",\"@id\":\"https:\/\/grupo-organistrum.com\/gl\/bibliografia-mapa-sonoro-santiago\/\",\"url\":\"https:\/\/grupo-organistrum.com\/gl\/bibliografia-mapa-sonoro-santiago\/\",\"name\":\"Bibliograf\u00eda Mapa sonoro Santiago - Organistrum\",\"isPartOf\":{\"@id\":\"https:\/\/grupo-organistrum.com\/gl\/#website\"},\"datePublished\":\"2022-06-06T09:16:39+00:00\",\"dateModified\":\"2022-06-22T12:22:57+00:00\",\"breadcrumb\":{\"@id\":\"https:\/\/grupo-organistrum.com\/gl\/bibliografia-mapa-sonoro-santiago\/#breadcrumb\"},\"inLanguage\":\"gl-ES\",\"potentialAction\":[{\"@type\":\"ReadAction\",\"target\":[\"https:\/\/grupo-organistrum.com\/gl\/bibliografia-mapa-sonoro-santiago\/\"]}]},{\"@type\":\"BreadcrumbList\",\"@id\":\"https:\/\/grupo-organistrum.com\/gl\/bibliografia-mapa-sonoro-santiago\/#breadcrumb\",\"itemListElement\":[{\"@type\":\"ListItem\",\"position\":1,\"name\":\"Portada\",\"item\":\"https:\/\/grupo-organistrum.com\/gl\/\"},{\"@type\":\"ListItem\",\"position\":2,\"name\":\"Bibliograf\u00eda Mapa sonoro Santiago\"}]},{\"@type\":\"WebSite\",\"@id\":\"https:\/\/grupo-organistrum.com\/gl\/#website\",\"url\":\"https:\/\/grupo-organistrum.com\/gl\/\",\"name\":\"Organistrum\",\"description\":\"Grupo de Investigaci\u00f3n\",\"publisher\":{\"@id\":\"https:\/\/grupo-organistrum.com\/gl\/#organization\"},\"potentialAction\":[{\"@type\":\"SearchAction\",\"target\":{\"@type\":\"EntryPoint\",\"urlTemplate\":\"https:\/\/grupo-organistrum.com\/gl\/?s={search_term_string}\"},\"query-input\":{\"@type\":\"PropertyValueSpecification\",\"valueRequired\":true,\"valueName\":\"search_term_string\"}}],\"inLanguage\":\"gl-ES\"},{\"@type\":\"Organization\",\"@id\":\"https:\/\/grupo-organistrum.com\/gl\/#organization\",\"name\":\"Grupo Organistrum | Grupo de investigaci\u00f3n | GI-2025\",\"url\":\"https:\/\/grupo-organistrum.com\/gl\/\",\"logo\":{\"@type\":\"ImageObject\",\"inLanguage\":\"gl-ES\",\"@id\":\"https:\/\/grupo-organistrum.com\/gl\/#\/schema\/logo\/image\/\",\"url\":\"https:\/\/grupo-organistrum.com\/wp-content\/uploads\/2022\/02\/logo.png\",\"contentUrl\":\"https:\/\/grupo-organistrum.com\/wp-content\/uploads\/2022\/02\/logo.png\",\"width\":464,\"height\":103,\"caption\":\"Grupo Organistrum | Grupo de investigaci\u00f3n | GI-2025\"},\"image\":{\"@id\":\"https:\/\/grupo-organistrum.com\/gl\/#\/schema\/logo\/image\/\"}}]}<\/script>\n<!-- \/ Yoast SEO plugin. -->","yoast_head_json":{"title":"Bibliograf\u00eda Mapa sonoro Santiago - Organistrum","robots":{"index":"noindex","follow":"nofollow"},"og_locale":"gl_ES","og_type":"article","og_title":"Bibliograf\u00eda Mapa sonoro Santiago - Organistrum","og_description":"ARCHIVOS Y BIBLIOTECAS CON FUENTES PRIMARIAS AL RESPECTO: -Archivo de la Catedral de Santiago de Compostela-Archivo Hist\u00f3rico Universitario de Santiago-Archivo del Reino de Galicia-Biblioteca de Galicia-Biblioteca Xeral de la Universidade de Santiago de Compostela-Biblioteca de la Fundaci\u00f3n Penzol-Biblioteca Hist\u00f3rica Municipal de Madrid-Biblioteca Nacional de Espa\u00f1a BIBLIOGRAF\u00cdA: Al\u00e9n Garabato, M.P. (1985): \u201cUn s\u00edntoma de la crisis ... Ler m\u00e1is","og_url":"https:\/\/grupo-organistrum.com\/gl\/bibliografia-mapa-sonoro-santiago\/","og_site_name":"Organistrum","article_modified_time":"2022-06-22T12:22:57+00:00","twitter_card":"summary_large_image","twitter_misc":{"Tempo de lectura":"7 minutos"},"schema":{"@context":"https:\/\/schema.org","@graph":[{"@type":"WebPage","@id":"https:\/\/grupo-organistrum.com\/gl\/bibliografia-mapa-sonoro-santiago\/","url":"https:\/\/grupo-organistrum.com\/gl\/bibliografia-mapa-sonoro-santiago\/","name":"Bibliograf\u00eda Mapa sonoro Santiago - Organistrum","isPartOf":{"@id":"https:\/\/grupo-organistrum.com\/gl\/#website"},"datePublished":"2022-06-06T09:16:39+00:00","dateModified":"2022-06-22T12:22:57+00:00","breadcrumb":{"@id":"https:\/\/grupo-organistrum.com\/gl\/bibliografia-mapa-sonoro-santiago\/#breadcrumb"},"inLanguage":"gl-ES","potentialAction":[{"@type":"ReadAction","target":["https:\/\/grupo-organistrum.com\/gl\/bibliografia-mapa-sonoro-santiago\/"]}]},{"@type":"BreadcrumbList","@id":"https:\/\/grupo-organistrum.com\/gl\/bibliografia-mapa-sonoro-santiago\/#breadcrumb","itemListElement":[{"@type":"ListItem","position":1,"name":"Portada","item":"https:\/\/grupo-organistrum.com\/gl\/"},{"@type":"ListItem","position":2,"name":"Bibliograf\u00eda Mapa sonoro Santiago"}]},{"@type":"WebSite","@id":"https:\/\/grupo-organistrum.com\/gl\/#website","url":"https:\/\/grupo-organistrum.com\/gl\/","name":"Organistrum","description":"Grupo de Investigaci\u00f3n","publisher":{"@id":"https:\/\/grupo-organistrum.com\/gl\/#organization"},"potentialAction":[{"@type":"SearchAction","target":{"@type":"EntryPoint","urlTemplate":"https:\/\/grupo-organistrum.com\/gl\/?s={search_term_string}"},"query-input":{"@type":"PropertyValueSpecification","valueRequired":true,"valueName":"search_term_string"}}],"inLanguage":"gl-ES"},{"@type":"Organization","@id":"https:\/\/grupo-organistrum.com\/gl\/#organization","name":"Grupo Organistrum | Grupo de investigaci\u00f3n | GI-2025","url":"https:\/\/grupo-organistrum.com\/gl\/","logo":{"@type":"ImageObject","inLanguage":"gl-ES","@id":"https:\/\/grupo-organistrum.com\/gl\/#\/schema\/logo\/image\/","url":"https:\/\/grupo-organistrum.com\/wp-content\/uploads\/2022\/02\/logo.png","contentUrl":"https:\/\/grupo-organistrum.com\/wp-content\/uploads\/2022\/02\/logo.png","width":464,"height":103,"caption":"Grupo Organistrum | Grupo de investigaci\u00f3n | GI-2025"},"image":{"@id":"https:\/\/grupo-organistrum.com\/gl\/#\/schema\/logo\/image\/"}}]}},"_links":{"self":[{"href":"https:\/\/grupo-organistrum.com\/gl\/wp-json\/wp\/v2\/pages\/7391","targetHints":{"allow":["GET"]}}],"collection":[{"href":"https:\/\/grupo-organistrum.com\/gl\/wp-json\/wp\/v2\/pages"}],"about":[{"href":"https:\/\/grupo-organistrum.com\/gl\/wp-json\/wp\/v2\/types\/page"}],"author":[{"embeddable":true,"href":"https:\/\/grupo-organistrum.com\/gl\/wp-json\/wp\/v2\/users\/1"}],"replies":[{"embeddable":true,"href":"https:\/\/grupo-organistrum.com\/gl\/wp-json\/wp\/v2\/comments?post=7391"}],"version-history":[{"count":0,"href":"https:\/\/grupo-organistrum.com\/gl\/wp-json\/wp\/v2\/pages\/7391\/revisions"}],"wp:attachment":[{"href":"https:\/\/grupo-organistrum.com\/gl\/wp-json\/wp\/v2\/media?parent=7391"}],"curies":[{"name":"wp","href":"https:\/\/api.w.org\/{rel}","templated":true}]}}